{"id":10889,"date":"2020-02-20T13:13:18","date_gmt":"2020-02-20T12:13:18","guid":{"rendered":"http:\/\/wir-von-der-kennedy.de\/wirvonderkennedyfinal\/?page_id=10889"},"modified":"2023-03-24T17:42:20","modified_gmt":"2023-03-24T16:42:20","slug":"schule-macht-kultur-hessentag","status":"publish","type":"page","link":"https:\/\/wir-von-der-kennedy.de\/wirvonderkennedyfinal\/schule-macht-kultur-hessentag\/","title":{"rendered":"SCHULE MACHT KULTUR (1)"},"content":{"rendered":"\r\n<p class=\"wp-block-paragraph\" style=\"text-align: center;\">\u00a0<\/p>\r\n\r\n\r\n\r\n<p class=\"has-medium-font-size wp-block-paragraph\" style=\"text-align: center;\"><strong>Samstag, den 3. Juni 2023 um 18 Uhr in unserer Mensa (Einlass ab 17 UHR) <\/strong><\/p>\r\n\r\n\r\n\r\n<p class=\"has-text-color has-background has-vivid-red-color has-very-light-gray-background-color wp-block-paragraph\" style=\"font-size: 40px; text-align: center;\"><strong>Udo J\u00fcrgens&#8216; SCHATTENLIEDER <\/strong><\/p>\r\n\r\n\r\n\r\n<h3 class=\"has-medium-font-size\" style=\"text-align: center;\"><strong>Ein Liederabend mit Ren\u00e9 Di Rienzo<\/strong><\/h3>\r\n<h3 class=\"has-medium-font-size\" style=\"text-align: center;\"><strong>Ab 18:00 Uhr und in der Pause gibt es CATERING mit Snacks und Getr\u00e4nken.<\/strong><\/h3>\r\n\r\n\r\n\r\n<p class=\"wp-block-paragraph\" style=\"text-align: center;\"><strong>EINTRITT: frei!<\/strong><\/p>\r\n\r\n\r\n\r\n<p class=\"wp-block-paragraph\"><img loading=\"lazy\" decoding=\"async\" class=\"wp-image-10909 alignright\" src=\"http:\/\/wir-von-der-kennedy.de\/wirvonderkennedyfinal\/wp-content\/uploads\/2020\/02\/Schattenlieder-Poster11-1-1024x576.jpg\" alt=\"\" width=\"491\" height=\"276\" srcset=\"https:\/\/wir-von-der-kennedy.de\/wirvonderkennedyfinal\/wp-content\/uploads\/2020\/02\/Schattenlieder-Poster11-1-1024x576.jpg 1024w, https:\/\/wir-von-der-kennedy.de\/wirvonderkennedyfinal\/wp-content\/uploads\/2020\/02\/Schattenlieder-Poster11-1-300x169.jpg 300w, https:\/\/wir-von-der-kennedy.de\/wirvonderkennedyfinal\/wp-content\/uploads\/2020\/02\/Schattenlieder-Poster11-1-768x432.jpg 768w\" sizes=\"auto, (max-width: 491px) 100vw, 491px\" \/><\/p>\r\n<p>Ren\u00e9 Di Rienzo\u2026 vielleicht kennen Sie ihn&#8230; entweder als singenden Popcornverk\u00e4ufer im OPEN AIR KINO, vielleicht auch als Mister Di, Musiklehrer an der John.F.-Kennedy-Schule oder aber als Komponist der lokalen Songs &#8222;Grie So\u00df&#8220; und &#8222;Massemer&#8220;.<\/p>\r\n<p>Wie lange und ernsthaft er sich mit Musik auseinander setzt, wissen die wenigsten. Das soll sich heute \u00e4ndern! Die Kompositionen des Ausnahmek\u00fcnstlers Udo J\u00fcrgens pr\u00e4gten Ren\u00e9 Di Rienzo zeitlebens. So entschloss sich der Lehrer, Komponist und S\u00e4nger zu einer andersartigen Ann\u00e4herung an Udo J\u00fcrgens&#8216; musikalisches Werk. Und so verzichtet er ganz bewusst auf all die Lieder, die sich in unser kollektives Bewusstsein gespielt haben.<\/p>\r\n<p>&#8222;Aber bitte mit Sahne&#8220;, &#8222;Mit 66 Jahren&#8220;, &#8222;Griechischer Wein&#8220; u.v.a. kommen garantiert NICHT vor!<\/p>\r\n<p>Am E-Piano und unterst\u00fctzt durch sorgf\u00e4ltig produzierte Arrangements spielt &amp; singt Ren\u00e9 Di Rienzo die Werke, die ihn sein Leben lang begleiten &#8211; und nicht zuletzt begeistert haben&#8230; Werke, die selbst Fans nicht zwangsl\u00e4ufig kennen:<\/p>\r\n<p>Lieder, die im Schatten der gro\u00dfen Hits stehen &#8211; <strong>optisch unterst\u00fctzt durch die eigens f\u00fcr dieses Konzert entstandene Video-Installation vom renommierten Illustrator Dirk Steinh\u00f6fel.<\/strong>\u00a0\u00a0<\/p>\r\n<p>Das Programm, zu dem sich Di Rienzo auch musikalische G\u00e4ste eingeladen hat (seinen langj\u00e4hrigen musikalischen Wegbegleiter &amp; Freund Sascha Klein aus K\u00f6ln und seinen Bruder Dennis Di Rienzo), dauert ca. 100 Minuten zzgl. Pause.<\/p>\r\n<p style=\"text-align: center;\"><strong><u>SCHULE macht KULTUR<\/u><\/strong><\/p>\r\n<p>An <strong>Tag 1<\/strong> der Veranstaltungsreihe der John-F.-Kennedy-Schule erleben Sch\u00fcler Kultur von einer anderen Seite. Sie stehen n\u00e4mlich nicht AUF der B\u00fchne, sondern davor und dahinter. Alles was zur Organisation einer Veranstaltung n\u00f6tig ist, wird im Vorfeld von und mit unseren Sch\u00fcler\/innen organisiert.<\/p>\r\n<p>So werden verschiedene AG&#8217;s der JFK aktiv: Der <strong>Sch\u00fcler Kiosk<\/strong> widmet sich dem CATERING, die <strong>Technik AG<\/strong> und <strong>RADIO JFK<\/strong> dem B\u00dcHNENBAU sowie LICHT UND TON und diverse <strong>freiwillige Sch\u00fcler\/innen<\/strong> und Lehrer\/innen \u00fcbernehmen Aufgaben, ohne die keine Veranstaltung m\u00f6glich w\u00e4re.<\/p>\r\n<p>Unterst\u00fctzt werden wir dabei vom <a href=\"http:\/\/www.foerderverein-jfk-saalburgschule.de\/\" target=\"_blank\" rel=\"noopener noreferrer\">F\u00d6RDERVEREIN <strong>unserer<\/strong> Schule<\/a> sowie von <strong><a href=\"https:\/\/www.hassia.com\/\" target=\"_blank\" rel=\"noopener noreferrer\">HASSIA<\/a><\/strong> und nicht zuletzt von der <strong><a href=\"https:\/\/www.bad-vilbel.de\/de\/startseite\" target=\"_blank\" rel=\"noopener noreferrer\">STADT BAD VILBEL<\/a>.<\/strong><\/p>\r\n","protected":false},"excerpt":{"rendered":"<p>\u00a0 Samstag, den 3. Juni 2023 um 18 Uhr in unserer Mensa (Einlass ab 17 UHR) Udo J\u00fcrgens&#8216; SCHATTENLIEDER Ein Liederabend mit Ren\u00e9 Di Rienzo Ab 18:00 Uhr und in der Pause gibt es CATERING mit Snacks und Getr\u00e4nken. EINTRITT: frei! Ren\u00e9 Di Rienzo\u2026 vielleicht kennen Sie ihn&#8230; entweder als singenden Popcornverk\u00e4ufer im OPEN AIR&#8230; <\/p>\n<div class=\"clear\"><\/div>\n<p><a href=\"https:\/\/wir-von-der-kennedy.de\/wirvonderkennedyfinal\/schule-macht-kultur-hessentag\/\" class=\"gdlr-info-font excerpt-read-more\">Read More<\/a><\/p>\n","protected":false},"author":5,"featured_media":10892,"parent":0,"menu_order":0,"comment_status":"closed","ping_status":"closed","template":"","meta":{"_crdt_document":"","footnotes":""},"class_list":["post-10889","page","type-page","status-publish","has-post-thumbnail","hentry"],"_links":{"self":[{"href":"https:\/\/wir-von-der-kennedy.de\/wirvonderkennedyfinal\/wp-json\/wp\/v2\/pages\/10889","targetHints":{"allow":["GET"]}}],"collection":[{"href":"https:\/\/wir-von-der-kennedy.de\/wirvonderkennedyfinal\/wp-json\/wp\/v2\/pages"}],"about":[{"href":"https:\/\/wir-von-der-kennedy.de\/wirvonderkennedyfinal\/wp-json\/wp\/v2\/types\/page"}],"author":[{"embeddable":true,"href":"https:\/\/wir-von-der-kennedy.de\/wirvonderkennedyfinal\/wp-json\/wp\/v2\/users\/5"}],"replies":[{"embeddable":true,"href":"https:\/\/wir-von-der-kennedy.de\/wirvonderkennedyfinal\/wp-json\/wp\/v2\/comments?post=10889"}],"version-history":[{"count":9,"href":"https:\/\/wir-von-der-kennedy.de\/wirvonderkennedyfinal\/wp-json\/wp\/v2\/pages\/10889\/revisions"}],"predecessor-version":[{"id":14098,"href":"https:\/\/wir-von-der-kennedy.de\/wirvonderkennedyfinal\/wp-json\/wp\/v2\/pages\/10889\/revisions\/14098"}],"wp:featuredmedia":[{"embeddable":true,"href":"https:\/\/wir-von-der-kennedy.de\/wirvonderkennedyfinal\/wp-json\/wp\/v2\/media\/10892"}],"wp:attachment":[{"href":"https:\/\/wir-von-der-kennedy.de\/wirvonderkennedyfinal\/wp-json\/wp\/v2\/media?parent=10889"}],"curies":[{"name":"wp","href":"https:\/\/api.w.org\/{rel}","templated":true}]}}