{"id":5390,"date":"2015-05-05T13:56:54","date_gmt":"2015-05-05T11:56:54","guid":{"rendered":"http:\/\/wir-von-der-kennedy.de\/wirvonderkennedyfinal\/?page_id=5390"},"modified":"2017-08-21T19:39:35","modified_gmt":"2017-08-21T17:39:35","slug":"jfk-news-spezial-projektwoche","status":"publish","type":"page","link":"https:\/\/wir-von-der-kennedy.de\/wirvonderkennedyfinal\/schuelerzeitung\/jfk-news-spezial-projektwoche\/","title":{"rendered":"jfk-news Spezial: Projektwoche!"},"content":{"rendered":"<h3><em><strong>F\u00fcrs Archiv: Projektwoche 2015<\/strong><\/em><\/h3>\n<p>&nbsp;<\/p>\n<p>Die Projektwoche der John-F.-Kennedy-Schule fand vom 26. bis zum 30. Mai 2015 statt. Das Motto war nat\u00fcrlich &#8222;John F. Kennedy&#8220;, was angesichts des 50-j\u00e4hrigen Jubil\u00e4ums der Schule nicht verwunderte. Eines der Projekte war das Projekt &#8222;Projektwochen-Wandzeitung&#8220;. Unter der Leitung von Frau Schulz, Herrn Ochs\u00a0und Herrn Wolfsholz\u00a0schrieb die etwa 30-k\u00f6pfige Redaktion\u00a0Berichte und kleine Reportagen \u00fcber alle Projekte, die von den Sch\u00fclerinnen und Sch\u00fclern gew\u00e4hlt worden waren. Auch Interviews mit Sch\u00fclern und Lehrern wurden gef\u00fchrt.<\/p>\n<p>Am linken Rand kann man die\u00a0Texte der Redaktion einzeln anklicken.\u00a0Da einige Projekte nicht zustande kamen,\u00a0ist die Nummerierung nicht l\u00fcckenlos.<\/p>\n<p>Auf dem Foto: Die (fast) komplette Redaktion am 30.05.2015, dem Tag der Pr\u00e4sentation.<\/p>\n<p><a href=\"http:\/\/wir-von-der-kennedy.de\/wirvonderkennedyfinal\/wp-content\/uploads\/2015\/05\/ProWo-Pr\u00e4sentation-2015-02-1.jpg\" rel=\"attachment wp-att-6450\"><img loading=\"lazy\" decoding=\"async\" class=\"alignnone wp-image-6450 size-large\" src=\"http:\/\/wir-von-der-kennedy.de\/wirvonderkennedyfinal\/wp-content\/uploads\/2015\/05\/ProWo-Pr\u00e4sentation-2015-02-1-1024x768.jpg\" alt=\"ProWo-Pr\u00e4sentation 2015 02\" width=\"960\" height=\"720\" srcset=\"https:\/\/wir-von-der-kennedy.de\/wirvonderkennedyfinal\/wp-content\/uploads\/2015\/05\/ProWo-Pr\u00e4sentation-2015-02-1.jpg 1024w, https:\/\/wir-von-der-kennedy.de\/wirvonderkennedyfinal\/wp-content\/uploads\/2015\/05\/ProWo-Pr\u00e4sentation-2015-02-1-300x225.jpg 300w, https:\/\/wir-von-der-kennedy.de\/wirvonderkennedyfinal\/wp-content\/uploads\/2015\/05\/ProWo-Pr\u00e4sentation-2015-02-1-768x576.jpg 768w, https:\/\/wir-von-der-kennedy.de\/wirvonderkennedyfinal\/wp-content\/uploads\/2015\/05\/ProWo-Pr\u00e4sentation-2015-02-1-400x300.jpg 400w\" sizes=\"auto, (max-width: 960px) 100vw, 960px\" \/><\/a><\/p>\n<p>&nbsp;<\/p>\n","protected":false},"excerpt":{"rendered":"<p>F\u00fcrs Archiv: Projektwoche 2015 &nbsp; Die Projektwoche der John-F.-Kennedy-Schule fand vom 26. bis zum 30. Mai 2015 statt. Das Motto war nat\u00fcrlich &#8222;John F. Kennedy&#8220;, was angesichts des 50-j\u00e4hrigen Jubil\u00e4ums der Schule nicht verwunderte. Eines der Projekte war das Projekt &#8222;Projektwochen-Wandzeitung&#8220;. Unter der Leitung von Frau Schulz, Herrn Ochs\u00a0und Herrn Wolfsholz\u00a0schrieb die etwa 30-k\u00f6pfige Redaktion\u00a0Berichte&#8230; <\/p>\n<div class=\"clear\"><\/div>\n<p><a href=\"https:\/\/wir-von-der-kennedy.de\/wirvonderkennedyfinal\/schuelerzeitung\/jfk-news-spezial-projektwoche\/\" class=\"gdlr-info-font excerpt-read-more\">Read More<\/a><\/p>\n","protected":false},"author":2,"featured_media":0,"parent":140,"menu_order":0,"comment_status":"closed","ping_status":"closed","template":"","meta":{"_crdt_document":"","footnotes":""},"class_list":["post-5390","page","type-page","status-publish","hentry"],"_links":{"self":[{"href":"https:\/\/wir-von-der-kennedy.de\/wirvonderkennedyfinal\/wp-json\/wp\/v2\/pages\/5390","targetHints":{"allow":["GET"]}}],"collection":[{"href":"https:\/\/wir-von-der-kennedy.de\/wirvonderkennedyfinal\/wp-json\/wp\/v2\/pages"}],"about":[{"href":"https:\/\/wir-von-der-kennedy.de\/wirvonderkennedyfinal\/wp-json\/wp\/v2\/types\/page"}],"author":[{"embeddable":true,"href":"https:\/\/wir-von-der-kennedy.de\/wirvonderkennedyfinal\/wp-json\/wp\/v2\/users\/2"}],"replies":[{"embeddable":true,"href":"https:\/\/wir-von-der-kennedy.de\/wirvonderkennedyfinal\/wp-json\/wp\/v2\/comments?post=5390"}],"version-history":[{"count":6,"href":"https:\/\/wir-von-der-kennedy.de\/wirvonderkennedyfinal\/wp-json\/wp\/v2\/pages\/5390\/revisions"}],"predecessor-version":[{"id":7445,"href":"https:\/\/wir-von-der-kennedy.de\/wirvonderkennedyfinal\/wp-json\/wp\/v2\/pages\/5390\/revisions\/7445"}],"up":[{"embeddable":true,"href":"https:\/\/wir-von-der-kennedy.de\/wirvonderkennedyfinal\/wp-json\/wp\/v2\/pages\/140"}],"wp:attachment":[{"href":"https:\/\/wir-von-der-kennedy.de\/wirvonderkennedyfinal\/wp-json\/wp\/v2\/media?parent=5390"}],"curies":[{"name":"wp","href":"https:\/\/api.w.org\/{rel}","templated":true}]}}