{"id":6033,"date":"2015-09-22T14:06:41","date_gmt":"2015-09-22T12:06:41","guid":{"rendered":"http:\/\/wir-von-der-kennedy.de\/wirvonderkennedyfinal\/?page_id=6033"},"modified":"2016-04-12T15:12:43","modified_gmt":"2016-04-12T13:12:43","slug":"schuljahr-20152016-1-halbjahr","status":"publish","type":"page","link":"https:\/\/wir-von-der-kennedy.de\/wirvonderkennedyfinal\/schuljahr-20152016-1-halbjahr\/","title":{"rendered":"Schuljahr 2015\/2016, 1. Halbjahr"},"content":{"rendered":"<h1><strong>Mehr als nur B\u00fccher: Der Tag des Lesens 2016<\/strong><\/h1>\n<p>Wie jedes Jahr im Fr\u00fchjahr fand auch 2016 der Tag des Lesens statt. Das Motto lautete diesmal: \u201eAbenteuer in der Natur \/ Wildnis\u201c. Ich habe jeweils eine Lesung der f\u00fcnften, sechsten und eine der neunten Klassen besucht. F\u00fcr die F\u00fcnftkl\u00e4ssler war die Aula mit Teelichtern dekoriert. Zum Sitzen gab es Matten aus Filz. Zudem stand eine Holztruhe mit verschiedenen Requisiten im Raum. F\u00fcr den besonderen Auftritt von Professor Pflitsch, der unter dem Vorgang der Aula hervorkriechen sollte, da man die Situation einer H\u00f6hlenexpedition darstellen wollte, war bereits eine Dampfmaschine aufgebaut worden.<\/p>\n<p><a href=\"http:\/\/wir-von-der-kennedy.de\/wirvonderkennedyfinal\/wp-content\/uploads\/2015\/09\/AA-Aur\u00fcstung-brauchbar.jpg\" rel=\"attachment wp-att-6398\"><img loading=\"lazy\" decoding=\"async\" class=\"size-medium wp-image-6398 alignright\" src=\"http:\/\/wir-von-der-kennedy.de\/wirvonderkennedyfinal\/wp-content\/uploads\/2015\/09\/AA-Aur\u00fcstung-brauchbar-300x200.jpg\" alt=\"AA Aur\u00fcstung (brauchbar)\" width=\"300\" height=\"200\" srcset=\"https:\/\/wir-von-der-kennedy.de\/wirvonderkennedyfinal\/wp-content\/uploads\/2015\/09\/AA-Aur\u00fcstung-brauchbar-300x200.jpg 300w, https:\/\/wir-von-der-kennedy.de\/wirvonderkennedyfinal\/wp-content\/uploads\/2015\/09\/AA-Aur\u00fcstung-brauchbar-768x512.jpg 768w, https:\/\/wir-von-der-kennedy.de\/wirvonderkennedyfinal\/wp-content\/uploads\/2015\/09\/AA-Aur\u00fcstung-brauchbar-1024x683.jpg 1024w\" sizes=\"auto, (max-width: 300px) 100vw, 300px\" \/><\/a><\/p>\n<p>Um 8:30 Uhr am 28. Januar st\u00fcrmte die 5bf, die Klasse von Frau Astemer-Ott in die Aula. Dann wurde eine Stelle aus dem Buch von Dirk Steinh\u00f6fel und Andreas Pflitsch, \u201eIrgendwo in der Tiefe gibt es ein Licht\u201c, vorgelesen. Es folgte der Auftritt von Professor Dr. Andreas Pflitsch. Nachdem die Kinder ihn gerufen hatten, kroch er mit Dampf um sich herum und einer hellen Helmlampe auf dem Kopf unter dem Vorhang der Aula hervor. Anschlie\u00dfend hat er mit den Kindern \u00fcber die Sicherheit in H\u00f6hlen gesprochen. Zwei Kinder wurden nach vorne gebeten. Mit diesen beiden Sch\u00fclern hat der H\u00f6hlenforscher die gr\u00fcne Kiste ge\u00f6ffnet. Diese beinhielt verschiedene Sachen, dazu z\u00e4hlt eine H\u00f6hlen GoPro, Sand von den D\u00fcnen der USA und erkaltetes\u00a0 Vulkangestein war auch dabei. Dann kam Dirk Steinh\u00f6fel auf die \u201eB\u00fchne\u201c und hat seinen Job als Illustrator vorgestellt. Die beiden Autoren haben davon berichtet, dass sie bald ein Buch \u00fcber den Vulkanismus \u00a0rausbringen wollen.<\/p>\n<p>Das Buch \u201eIrgendwo in der Tiefe gibt es ein Licht\u201c handelt von den Geschwistern Jonas und Sophie. Diese fliegen nach Amerika und lernen dort ihre Tante und ihren Urgro\u00dfvater kennen. Der Urgro\u00dfvater ist ein wenig seltsam, er war fr\u00fcher H\u00f6hlenforscher. Er redet von einem mysteri\u00f6sen Licht, das in einer H\u00f6hle scheint. Also machen sich die drei, Jonas, Sophie und ihr Urgro\u00dfvater auf die Suche nach diesem Licht. Es stellt sich heraus, dass dieses Licht bei Vollmond an einer ganz bestimmten Stelle steht. Dann haben die Kinder und der Forscher weiter die gr\u00fcne Kiste ausgepackt. Es kamen Sachen wie ein Laptop, der speziell f\u00fcr H\u00f6hlenforschungen gebaut wurde, ans Tageslicht. Dieser Laptop ist schon aus zehn Metern H\u00f6he gefallen ohne kaputt zu gehen. Au\u00dferdem war eine W\u00e4rmebildkamera, Karabiner, Stiefel und Spikes dabei. Dann wurde ein Gruppenbild mit der W\u00e4rmebildkamera gemacht. Im April drehen das ZDF und Professor Pflitsch eine Folge f\u00fcr die Serie Terra X.<\/p>\n<p><a href=\"http:\/\/wir-von-der-kennedy.de\/wirvonderkennedyfinal\/wp-content\/uploads\/2015\/09\/AA-W\u00e4rmebildkamera-brauchbar.jpg\" rel=\"attachment wp-att-6400\"><img loading=\"lazy\" decoding=\"async\" class=\"size-medium wp-image-6400 alignnone\" src=\"http:\/\/wir-von-der-kennedy.de\/wirvonderkennedyfinal\/wp-content\/uploads\/2015\/09\/AA-W\u00e4rmebildkamera-brauchbar-300x200.jpg\" alt=\"AA W\u00e4rmebildkamera (brauchbar)\" width=\"300\" height=\"200\" srcset=\"https:\/\/wir-von-der-kennedy.de\/wirvonderkennedyfinal\/wp-content\/uploads\/2015\/09\/AA-W\u00e4rmebildkamera-brauchbar-300x200.jpg 300w, https:\/\/wir-von-der-kennedy.de\/wirvonderkennedyfinal\/wp-content\/uploads\/2015\/09\/AA-W\u00e4rmebildkamera-brauchbar-768x512.jpg 768w, https:\/\/wir-von-der-kennedy.de\/wirvonderkennedyfinal\/wp-content\/uploads\/2015\/09\/AA-W\u00e4rmebildkamera-brauchbar-1024x683.jpg 1024w\" sizes=\"auto, (max-width: 300px) 100vw, 300px\" \/><\/a><\/p>\n<p>F\u00fcr die 6. Klassen las Caroline Haberland aus dem Buch \u201eGuti und Lumpi auf Weltreise\u201c. Caroline Haberland ist eine Lehrerin an der JFK-Schule und hat mit einer 6. Klasse das Buch verfasst. In dem Buch gewinnt Guti, ein Junge, eine Weltreise und lernt verschiedene Kulturen und Sprachen kennen. Das Buch zu verfassen hat ca. drei Monate gedauert, die Sch\u00fcler haben die Ideen gegeben. Es ist eine Fortsetzung in Planung.<\/p>\n<p>F\u00fcr die 9. Klassen kam Jannis Plastargias mit seinem Buch, \u201ePlattenbaugef\u00fchle\u201c. In dem Buch geht es um Jonas, der nach Offenbach zieht. Jonas merkt im Laufe der Geschichte, dass er eher auf Jungs als auf M\u00e4dchen steht. Als Jonas von seinen Eltern beim Abendessen auf seine Sexualit\u00e4t angesprochen wird, ist es ihm peinlich. Und seine Eltern sind verschiedener Meinungen. Seine Mutter sagt, er wird immer ihr Sohn sein. Aber sein Vater \u201eerwartet\u201c, dass Jonas ein M\u00e4dchen mit nach Hause bringt. Ob der Autor, der sich als homosexuell \u00a0geoutet hat, so seine Erlebnisse niederschreibt? Jannis Plastargias betreibt seit 2006 einen Blog im Internet mit dem Namen \u201eschmerzwach\u201c, in dem er \u00fcber Situationen in seinem Leben schreibt. Wir haben aber auch viel geredet. Zum Beispiel haben wir \u00fcber Serien oder auch B\u00fccher wie \u201etschick\u201c gesprochen. Einige Sch\u00fcler sind der Meinung, Jannis Plastargias h\u00e4tte mehr vorlesen sollen.<\/p>\n<p>Alles im allen war Tag des Lesens witzig, war toll von unserer Schul-Bibliothekarin Sylvia Jaksch, Lehrer Lars Gebauer und anderen organisiert und wurde gut von den Sch\u00fcler aufgenommen.<\/p>\n<p><em>lesch<\/em><\/p>\n<p>&nbsp;<\/p>\n<p>&nbsp;<\/p>\n<hr \/>\n<p>&nbsp;<\/p>\n<h1><\/h1>\n<h1><strong>Comedy trifft Schulbank<\/strong><\/h1>\n<p>Am 26.1.2016 war die Klasse 9b mit ihrer Klassenlehrerin Frau Kern bei der Premiere von \u201eHomologie\u201c, einem Kabarett von Malte Anders. Er stellt sich die Frage, ob Sch\u00fcler in der Schule mit Homosexualit\u00e4t konfrontiert werden sollen. Er denkt, dass man an das Thema Homosexualit\u00e4t herangef\u00fchrt werden sollte um Diskriminierung\u00a0 und Ausgrenzung von Schwulen zu unterbinden. Malte Anders besucht f\u00fcr sein Programm auch Schulen, um den Sch\u00fclern und Sch\u00fclerinnen in lustiger und informativer Weise \u00fcber sein Leben als Homosexueller zu berichten.\u00a0 Das Kabarettprogramm geht etwa eine Stunde lang. Danach gibt es noch eine Fragerunde, in der die Sch\u00fcler und Sch\u00fclerinnen Malte\u00a0 Anders Fragen zu dem Kabarett und seinem Leben als Schwuler stellen k\u00f6nnen. Zudem beschreibt er, wie er festgestellt hat, dass er Homosexuell ist, und erz\u00e4hlt auch, wie die Familie und die Freunde damit umgegangen sind, als er sich geoutet hat. Das Kabarett kam bei allen, die die Vorstellung gesehen haben, sehr gut an. Leider haben wir keine Bilder, da dies die Premiere war und Malte Anders schon so aufgeregt genug war.<\/p>\n<p><em>mast\u00f6r<\/em><\/p>\n<p>&nbsp;<\/p>\n<hr \/>\n<h1><\/h1>\n<h1><strong>Hassia<\/strong><\/h1>\n<p>Meine Klasse 5bf machte am 14.12.2015 einen Ausflug zur Hassia. \u00a0Als wir um 9:40 Uhr bei der Hassia angekommen waren, wurden wir mit erfrischender Limonade begr\u00fc\u00dft. Der Herr Lagermeister f\u00fchrte uns darauf oben in das Hassia-Museum. Da gab es alte Maschinen, die fr\u00fcher die Flaschen hergestellt haben. Danach waren wir in der Speisekammer der Hassia\u00a0 angekommen. Der Tisch war reichlich gedeckt. Dort haben wir uns einen kleinen Film angesehen. Danach haben wir uns Hauben auf den Kopf gesetzt (wegen der Hygiene) und bekamen Kopfh\u00f6rer mit einem Regler. Danach\u00a0 wurden\u00a0 wir durch Hassia gef\u00fchrt. Dort haben wir gesehen, wie die Flaschen gef\u00fcllt wurden\u00a0 und in K\u00e4sten gestellt wurden. Wir fanden den Ausflug auf jeden Fall sehr sch\u00f6n und wir haben viel gelernt und es hat Spa\u00df gemacht.<\/p>\n<p><a href=\"http:\/\/wir-von-der-kennedy.de\/wirvonderkennedyfinal\/wp-content\/uploads\/2015\/09\/DSC01127.jpg\"><img loading=\"lazy\" decoding=\"async\" class=\"alignnone size-medium wp-image-6320\" src=\"http:\/\/wir-von-der-kennedy.de\/wirvonderkennedyfinal\/wp-content\/uploads\/2015\/09\/DSC01127-300x225.jpg\" alt=\"DSC01127\" width=\"300\" height=\"225\" srcset=\"https:\/\/wir-von-der-kennedy.de\/wirvonderkennedyfinal\/wp-content\/uploads\/2015\/09\/DSC01127-300x225.jpg 300w, https:\/\/wir-von-der-kennedy.de\/wirvonderkennedyfinal\/wp-content\/uploads\/2015\/09\/DSC01127-1024x768.jpg 1024w, https:\/\/wir-von-der-kennedy.de\/wirvonderkennedyfinal\/wp-content\/uploads\/2015\/09\/DSC01127-400x300.jpg 400w\" sizes=\"auto, (max-width: 300px) 100vw, 300px\" \/><\/a> <a href=\"http:\/\/wir-von-der-kennedy.de\/wirvonderkennedyfinal\/wp-content\/uploads\/2015\/09\/DSC01128.jpg\"><img loading=\"lazy\" decoding=\"async\" class=\"alignnone size-medium wp-image-6321\" src=\"http:\/\/wir-von-der-kennedy.de\/wirvonderkennedyfinal\/wp-content\/uploads\/2015\/09\/DSC01128-300x225.jpg\" alt=\"DSC01128\" width=\"300\" height=\"225\" srcset=\"https:\/\/wir-von-der-kennedy.de\/wirvonderkennedyfinal\/wp-content\/uploads\/2015\/09\/DSC01128-300x225.jpg 300w, https:\/\/wir-von-der-kennedy.de\/wirvonderkennedyfinal\/wp-content\/uploads\/2015\/09\/DSC01128-1024x768.jpg 1024w, https:\/\/wir-von-der-kennedy.de\/wirvonderkennedyfinal\/wp-content\/uploads\/2015\/09\/DSC01128-400x300.jpg 400w\" sizes=\"auto, (max-width: 300px) 100vw, 300px\" \/><\/a><\/p>\n<p><a href=\"http:\/\/wir-von-der-kennedy.de\/wirvonderkennedyfinal\/wp-content\/uploads\/2015\/09\/DSC01129.jpg\"><img loading=\"lazy\" decoding=\"async\" class=\"alignnone size-medium wp-image-6322\" src=\"http:\/\/wir-von-der-kennedy.de\/wirvonderkennedyfinal\/wp-content\/uploads\/2015\/09\/DSC01129-300x225.jpg\" alt=\"DSC01129\" width=\"300\" height=\"225\" srcset=\"https:\/\/wir-von-der-kennedy.de\/wirvonderkennedyfinal\/wp-content\/uploads\/2015\/09\/DSC01129-300x225.jpg 300w, https:\/\/wir-von-der-kennedy.de\/wirvonderkennedyfinal\/wp-content\/uploads\/2015\/09\/DSC01129-1024x768.jpg 1024w, https:\/\/wir-von-der-kennedy.de\/wirvonderkennedyfinal\/wp-content\/uploads\/2015\/09\/DSC01129-400x300.jpg 400w\" sizes=\"auto, (max-width: 300px) 100vw, 300px\" \/><\/a> <a href=\"http:\/\/wir-von-der-kennedy.de\/wirvonderkennedyfinal\/wp-content\/uploads\/2015\/09\/DSC01130.jpg\"><img loading=\"lazy\" decoding=\"async\" class=\"alignnone size-medium wp-image-6323\" src=\"http:\/\/wir-von-der-kennedy.de\/wirvonderkennedyfinal\/wp-content\/uploads\/2015\/09\/DSC01130-300x225.jpg\" alt=\"DSC01130\" width=\"300\" height=\"225\" srcset=\"https:\/\/wir-von-der-kennedy.de\/wirvonderkennedyfinal\/wp-content\/uploads\/2015\/09\/DSC01130-300x225.jpg 300w, https:\/\/wir-von-der-kennedy.de\/wirvonderkennedyfinal\/wp-content\/uploads\/2015\/09\/DSC01130-1024x768.jpg 1024w, https:\/\/wir-von-der-kennedy.de\/wirvonderkennedyfinal\/wp-content\/uploads\/2015\/09\/DSC01130-400x300.jpg 400w\" sizes=\"auto, (max-width: 300px) 100vw, 300px\" \/><\/a><\/p>\n<p><em>leba &amp; mati<\/em><\/p>\n<p>&nbsp;<\/p>\n<hr \/>\n<p>&nbsp;<\/p>\n<h1><strong>Vorlesewettbewerb 2015<\/strong><\/h1>\n<p>Der diesj\u00e4hrige Vorlesewettbewerb fand am 7. Dezember 2015 in der Sch\u00fclerb\u00fccherei statt. Die Klassensieger\/innen der 6. Klassen traten gegeneinander an, um einen bzw. zwei Schulsieger\/innen zu k\u00fcren. Die Kandidaten\/innen waren:<\/p>\n<p>6 a\u00a0\u00a0\u00a0\u00a0\u00a0 Emma Vier \/\u00a0Nicolina Funk<\/p>\n<p>6 b \u00a0\u00a0\u00a0\u00a0 Alexander Kinas \/\u00a0Simon F\u00fcrtjes<\/p>\n<p>6 c\u00a0\u00a0\u00a0\u00a0\u00a0 Bojan Velemir \/\u00a0Max Schmidl<\/p>\n<p><a href=\"http:\/\/wir-von-der-kennedy.de\/wirvonderkennedyfinal\/wp-content\/uploads\/2015\/09\/2015-12-07-11.07.28.jpg\"><img loading=\"lazy\" decoding=\"async\" class=\"alignnone wp-image-6309 size-small-grid-size\" src=\"http:\/\/wir-von-der-kennedy.de\/wirvonderkennedyfinal\/wp-content\/uploads\/2015\/09\/2015-12-07-11.07.28-400x300.jpg\" alt=\"2015-12-07 11.07.28\" width=\"400\" height=\"300\" srcset=\"https:\/\/wir-von-der-kennedy.de\/wirvonderkennedyfinal\/wp-content\/uploads\/2015\/09\/2015-12-07-11.07.28-400x300.jpg 400w, https:\/\/wir-von-der-kennedy.de\/wirvonderkennedyfinal\/wp-content\/uploads\/2015\/09\/2015-12-07-11.07.28-300x225.jpg 300w, https:\/\/wir-von-der-kennedy.de\/wirvonderkennedyfinal\/wp-content\/uploads\/2015\/09\/2015-12-07-11.07.28-1024x768.jpg 1024w\" sizes=\"auto, (max-width: 400px) 100vw, 400px\" \/><\/a><\/p>\n<p>(Foto hinten v.l.n.r.: Bojan, Max, Simon, Alexander, vorne v.l.n.r: Emma, Nicolina)<\/p>\n<p>Der Jury wurde die Bewertung nicht leicht gemacht. Die Jury bestehend aus Frau Hillenbrand (Konrektorin, F\u00f6rderstufenleiterin), Herrn DiRienzo (Fachbereich Deutsch), Frau Axtmann (B\u00fccherei), Maike Wangler (als Vertreterin des Schulsprechers) sowie den beiden zweitplatzierten des Vorlesewettbewerbs vom letzten Schuljahr Selina Kraul (7 b R) und Lea B\u00fccher (7 c R).<\/p>\n<p>Alle Kandidaten\/innen lasen aus einem Buch ihrer Wahl einen spannenden und ansprechenden Abschnitt. Nach eingehender Beratung wurden Emma Vier, Max Schmidl und Bojan Velemir gebeten, aus einem f\u00fcr sie unbekannten Text zu lesen.<\/p>\n<p>Nach abschlie\u00dfender Beratung standen die Schulsieger\/innen fest. Bojan Velemir (6 c R) wurde Schulsieger des Vorlesewettbewerbs 2015 und Emma Vier (6 a F) belegte den zweiten Platz. Sie \u00fcberzeugten die Jury mit Lesefl\u00fcssigkeit, deutlicher Aussprache und guter Betonung. Bojan wird die John-F.-Kennedy-Schule im Februar 2016 beim Kreisentscheid vertreten.<\/p>\n<p>&nbsp;<\/p>\n<p><em>jaksch und zowa<\/em><\/p>\n<p>&nbsp;<\/p>\n<hr \/>\n<p>&nbsp;<\/p>\n<h1><\/h1>\n<h1><strong>Abschlussfahrt<\/strong><\/h1>\n<p>Die Abschlussfahrt der Klasse 10bR, die in Berlin stattfand, begann am Montag den 05.10.2015 bis Freitag den 09.10.2015. Wir sind am Montagmorgen um 07.31 Uhr mit der S6 nach Frankfurt am Main S\u00fcd gefahren, wo wir umsteigen mussten in den IC in Richtung Berlin. Wir trafen gegen 14 Uhr in Berlin am Bahnhof ein und fuhren dann mit dem Bus weiter in unsere Unterkunft, die in Berlin Kreuzberg war. Das Acama Hostel (Unterkunft) hatte einen zwei Sterne Komfort und war direkt an der U-Bahn Station Hallesches Tor gelegen. Als wir im Hostel eintrafen haben wir als erstes unsere Zimmer bezogen und anschlie\u00dfend\u00a0 die Umgebung erkundet. Danach sind wir dann mit der U-Bahn in die Stadt gefahren und durften uns in kleinen Gruppen durch die Stadt bewegen.<\/p>\n<p>Am n\u00e4chsten Tag haben wir eine Fahrrad Tour durch Berlin gemacht, welche von Jenny und Jonathan gef\u00fchrt wurde, die auch unsere Tour Guides waren. Die Guides haben uns alle wichtigen Geb\u00e4ude in Berlin gezeigt und haben uns auch wichtige Fakten dar\u00fcber erz\u00e4hlten. Nach der Tour durften wir dann wieder in Gruppen in die Stadt fahren und etwas essen gehen nach freier Wahl. Im Anschluss mussten wir zu dem ausgemachten Treffpunkt fahren, um die n\u00e4chste Attraktion \u201eBootstour auf der Spree\u201e zu machen. Die Bootstour auf der Spree ging um das Berliner Regierungsviertel, wo wir auch \u00fcber Lautsprecher die wichtigsten Fakten \u00fcber die Geb\u00e4ude und Br\u00fccken erhielten.<\/p>\n<p>Am Mittwoch sind wir zusammen in den Reichstag gefahren. Wir haben an einer F\u00fchrung teilgenommen. Die F\u00fchrung ging um die wichtigsten R\u00e4ume und Fakten, die es im Reichstag gibt. Nachdem sind wir in das Stasi Gef\u00e4ngnis gefahren, wo uns ein \u00e4lterer Herr, der alles schon einmal miterlebt hat, erkl\u00e4rte, wie der Ablauf war und uns die ganzen R\u00e4ume gezeigt hat, wie die Gummizelle und die normale Zelle und die verschiedenen Epochen. An dem gleichen Abend ist die Klasse in die Diskothek Matrix gefahren um zu tanzen und die Musik zu genie\u00dfen und dem Lehrer Herr Gebauer dabei zuzuschauen, wie er im K\u00e4fig abgeht.<\/p>\n<p><a href=\"http:\/\/wir-von-der-kennedy.de\/wirvonderkennedyfinal\/wp-content\/uploads\/2015\/09\/IMG-20151010-WA0004.jpg\"><img loading=\"lazy\" decoding=\"async\" class=\"alignleft wp-image-6178\" src=\"http:\/\/wir-von-der-kennedy.de\/wirvonderkennedyfinal\/wp-content\/uploads\/2015\/09\/IMG-20151010-WA0004-169x300.jpg\" alt=\"IMG-20151010-WA0004\" width=\"225\" height=\"400\" srcset=\"https:\/\/wir-von-der-kennedy.de\/wirvonderkennedyfinal\/wp-content\/uploads\/2015\/09\/IMG-20151010-WA0004-169x300.jpg 169w, https:\/\/wir-von-der-kennedy.de\/wirvonderkennedyfinal\/wp-content\/uploads\/2015\/09\/IMG-20151010-WA0004-576x1024.jpg 576w, https:\/\/wir-von-der-kennedy.de\/wirvonderkennedyfinal\/wp-content\/uploads\/2015\/09\/IMG-20151010-WA0004.jpg 900w\" sizes=\"auto, (max-width: 225px) 100vw, 225px\" \/><\/a>\u00a0\u00a0 <a href=\"http:\/\/wir-von-der-kennedy.de\/wirvonderkennedyfinal\/wp-content\/uploads\/2015\/09\/IMG-20151010-WA0030.jpg\"><img loading=\"lazy\" decoding=\"async\" class=\"alignnone wp-image-6180 size-blog-grid\" src=\"http:\/\/wir-von-der-kennedy.de\/wirvonderkennedyfinal\/wp-content\/uploads\/2015\/09\/IMG-20151010-WA0030-700x400.jpg\" alt=\"IMG-20151010-WA0030\" width=\"700\" height=\"400\" \/><\/a><\/p>\n<p>Am Donnerstag waren wir im Wachskabinett Madame Tussauds in dem die ber\u00fchmtesten Stars der Welt als Wachsfigur ausgestellt werden, um mit ihnen Fotos machen zu k\u00f6nnen. Danach hatten wir Zeit eine Essenspause zu machen. Schlie\u00dflich sind wir ins Olympia Stadion gefahren, wo uns eine nette junge Dame im Stadion herumgef\u00fchrt hat. Sie hat uns die besten R\u00e4ume im Stadion gezeigt und erkl\u00e4rt, f\u00fcr was sie benutzt werden, wie zum Beispiel die Kapelle. Die Wand in der Kapelle ist aus feinstem Blattgold und es wurde darauf in 17 Sprachen das Gebet geschrieben. Oder der Partyraum, der \u00fcber vier Etagen geht und in dem circa 1700 Menschen feiern k\u00f6nnen.<\/p>\n<p>Am letzten Tag der Abschlussfahrt standen nur noch das Fr\u00fchst\u00fcck an und die f\u00fcnf Stunden Zugfahrt bis wir endlich wieder in Bad Vilbel angekommen waren.<\/p>\n<p><em>CoolHorn &amp; Zwilling<\/em><\/p>\n<p><a href=\"http:\/\/wir-von-der-kennedy.de\/wirvonderkennedyfinal\/wp-content\/uploads\/2015\/09\/IMG-20151007-WA0007.jpg\"><img loading=\"lazy\" decoding=\"async\" class=\"alignnone size-large wp-image-6177\" src=\"http:\/\/wir-von-der-kennedy.de\/wirvonderkennedyfinal\/wp-content\/uploads\/2015\/09\/IMG-20151007-WA0007-1024x576.jpg\" alt=\"IMG-20151007-WA0007\" width=\"960\" height=\"540\" srcset=\"https:\/\/wir-von-der-kennedy.de\/wirvonderkennedyfinal\/wp-content\/uploads\/2015\/09\/IMG-20151007-WA0007-1024x576.jpg 1024w, https:\/\/wir-von-der-kennedy.de\/wirvonderkennedyfinal\/wp-content\/uploads\/2015\/09\/IMG-20151007-WA0007-300x169.jpg 300w, https:\/\/wir-von-der-kennedy.de\/wirvonderkennedyfinal\/wp-content\/uploads\/2015\/09\/IMG-20151007-WA0007.jpg 1600w\" sizes=\"auto, (max-width: 960px) 100vw, 960px\" \/><\/a><\/p>\n<hr \/>\n<h1><strong>Besuch von der Polizei<\/strong><\/h1>\n<p>In allen 6. Klassen war am 24.9.2015 der Polizist Wolfgang Schulz (KHK, AGGAS), Jugendkoordinator der Polizeidirektion Wetterau.<\/p>\n<p><a href=\"http:\/\/wir-von-der-kennedy.de\/wirvonderkennedyfinal\/wp-content\/uploads\/2015\/09\/Schulz_Wolfgang_100x133.jpg\"><img loading=\"lazy\" decoding=\"async\" class=\"alignright wp-image-6109 size-full\" src=\"http:\/\/wir-von-der-kennedy.de\/wirvonderkennedyfinal\/wp-content\/uploads\/2015\/09\/Schulz_Wolfgang_100x133.jpg\" alt=\"Schulz_Wolfgang_100x133\" width=\"100\" height=\"133\" \/><\/a><\/p>\n<p>Er hat uns erkl\u00e4rt, was die Gefahren im Internet sind. Denn nicht alle Eltern haben ihre Kinder \u00fcber das Internet aufgekl\u00e4rt oder informiert. Vielleicht weil sie die Gefahren im Internet nicht erkennen oder sie sie nicht so schlimm finden. Herr Schulz hat uns erz\u00e4hlt, dass Facebook WhatsApp\u00a0 aufgekauft habe und deshalb man dann \u201ekein Recht am eigenen Bild\u201c hat. Auch auf Facebook ist das so.<\/p>\n<p>Glaubst du alles, was im Internet steht? Ja? Aber nicht alles stimmt, was im Internet steht (z.B.: auch bei Wikipedia k\u00f6nnen Daten schnell ver\u00e4ndert werden). Fast niemand hat die so genannten Allgemeinen Gesch\u00e4ftsbedingungen gelesen, sondern sie immer nur akzeptiert, indem er das entsprechende H\u00e4kchen dr\u00fcckt. Bei Gewinnspielen stehen die Chancen gleich Null. Das Internet bringt Kinder mit Gewalt, Pornos, Rechtsradikalen, S\u00fcchten und Sekten sehr durcheinander, in anderen L\u00e4ndern (Niederlande, USA)auch mit Kriegsbildern. Spiele verf\u00fchren, die meisten Levels sind umsonst, ab h\u00f6heren Levels wird es kostenpflichtig. Im Internet gibt es sogar Anleitungen zum \u201eHacken\u201c.<\/p>\n<p>Auch Mobbing gibt es im Internet und ist eine Gefahr. Man spricht hier von Cybermobbing. Cybermobber sind nicht gl\u00fccklich, haben Probleme, erkennen sie aber nicht. Der Mobber \u00fcbt Macht aus und sucht sich meist stille, sensible Personen als Opfer aus. Cybermobber sind besonders feige.<\/p>\n<p>Und zum Schluss noch zwei Tipps von Herrn Schulz: F\u00fcr Kinder sind www.blindekuh.de und www.FragFinn.de bessere Suchmaschinen als Google. Eineinhalb Stunden am Tag sind die empfohlene H\u00f6chstgrenze f\u00fcr Kinder.<\/p>\n<p><em>zowa<\/em><\/p>\n<hr \/>\n<h1><\/h1>\n<h1><strong>Sch\u00fclersprecher-Wahl 2015<\/strong><\/h1>\n<p>Am 2.10.15 von 8 Uhr bis ca. 13:15 Uhr war die erste Sch\u00fclersprecher-Wahl, bei der die gesamte Sch\u00fclerschaft teilgenommen hat. Denn bisher hatte immer die SV den Sch\u00fclersprecher gew\u00e4hlt. Zu den Aufgaben des Sch\u00fclersprechers geh\u00f6ren die Vertretung der Interessen der Sch\u00fclerschaft in unterschiedlichen schulischen Gremien, die Organisation der Sch\u00fclervertretung sowie das Vermitteln zwischen Sch\u00fclern, Lehrern und Eltern.<\/p>\n<h3><a href=\"http:\/\/wir-von-der-kennedy.de\/wirvonderkennedyfinal\/wp-content\/uploads\/2015\/09\/Wahl-2.jpg\"><img loading=\"lazy\" decoding=\"async\" class=\"alignnone wp-image-6076 size-blog-grid\" src=\"http:\/\/wir-von-der-kennedy.de\/wirvonderkennedyfinal\/wp-content\/uploads\/2015\/09\/Wahl-2-700x400.jpg\" alt=\"Wahl 2\" width=\"700\" height=\"400\" \/><\/a><\/h3>\n<p><a href=\"http:\/\/wir-von-der-kennedy.de\/wirvonderkennedyfinal\/wp-content\/uploads\/2015\/09\/Wahl-3.jpg\"><img loading=\"lazy\" decoding=\"async\" class=\"alignnone wp-image-6077 size-blog-grid\" src=\"http:\/\/wir-von-der-kennedy.de\/wirvonderkennedyfinal\/wp-content\/uploads\/2015\/09\/Wahl-3-700x400.jpg\" alt=\"Wahl 3\" width=\"700\" height=\"400\" \/><\/a><\/p>\n<p><a href=\"http:\/\/wir-von-der-kennedy.de\/wirvonderkennedyfinal\/wp-content\/uploads\/2015\/09\/Wahl-1.jpg\"><img loading=\"lazy\" decoding=\"async\" class=\"alignnone wp-image-6075 size-blog-grid\" src=\"http:\/\/wir-von-der-kennedy.de\/wirvonderkennedyfinal\/wp-content\/uploads\/2015\/09\/Wahl-1-700x400.jpg\" alt=\"Wahl 1\" width=\"700\" height=\"400\" \/><\/a><\/p>\n<p>Die Wahl 2015 verlief so, dass sich eine Klasse nach der anderen in Raum 103 im gelben Aufgang versammelte und die Kandidaten f\u00fcr das Sch\u00fclersprecher-Amt sich vorstellten. Sie versprachen Sachen, wie dass sie immer offen f\u00fcr Probleme der Sch\u00fcler seien und sich dieser Probleme annehmen w\u00fcrden. Zur Auswahl standen vier Sch\u00fclerinnen und Sch\u00fcler aus der Jahrgangstufe 9 und 10 (siehe oberstes Foto, von links nach rechts: Sinan, Smilla, Jana und Ridvan). Nachdem die Kandidaten gesagt hatten, was sie verbessern wollen, hat jeder einen Wahlzettel bekommen, auf dem man den Namen des Kandidaten seiner Wahl ankreuzen konnte. Man konnte sich den Wahlen auch enthalten, indem man auf dem Zettel dies ankreuzte. Anschlie\u00dfend wurden die Zettel in einer gro\u00dfen Urne (Pappkarton) gesammelt. Danach waren die Wahlen beendet und man konnte zur\u00fcck in den Unterricht gehen. Das Ergebnis der Wahl steht noch aus.<\/p>\n<p><em>h\u00fcban<\/em><\/p>\n<hr \/>\n<p>&nbsp;<\/p>\n<h1><strong>JFK und IAA<\/strong><\/h1>\n<p><strong><span style=\"color: #000000; font-family: Calibri;\">Am 24. September.2015 waren die Klassen 10c, 10a und 9b mit den Lehrerinnen Frau Kleinhaus und Frau Nikolaus auf der IAA (Internationale Automobil-Ausstellung) in Frankfurt am Main. <\/span><\/strong><\/p>\n<p><span style=\"color: #000000; font-family: Calibri;\"><strong>Treffpunkt war um 8:30 am Bad Vilbeler Nordbahnhof. Mit der S6 sind die Klassen nach Frankfurt gefahren. Bevor wir jedoch in die Hallen gehen konnten, mussten wir durch eine Sicherheitskontrolle, damit keine verbotenen Gegenst\u00e4nde mit hineingebracht werden konnten. In Halle 3.0 hat man Autos von Bentley, Bugatti, Lamborghini, Porsche, Seat, Skoda und VW Autos gesehen. Im Vordergrund hat bei VW der \u201eGolf GTE Sport\u201c gestanden.<\/strong> <\/span><\/p>\n<p><a href=\"http:\/\/wir-von-der-kennedy.de\/wirvonderkennedyfinal\/wp-content\/uploads\/2015\/09\/IAA-Foto-1.jpg\"><img loading=\"lazy\" decoding=\"async\" class=\"alignnone wp-image-6059 size-blog-grid\" src=\"http:\/\/wir-von-der-kennedy.de\/wirvonderkennedyfinal\/wp-content\/uploads\/2015\/09\/IAA-Foto-1-700x400.jpg\" alt=\"IAA Foto 1\" width=\"700\" height=\"400\" \/><\/a><strong><a href=\"http:\/\/wir-von-der-kennedy.de\/wirvonderkennedyfinal\/wp-content\/uploads\/2015\/09\/IAA-Foto-4.jpg\"><img loading=\"lazy\" decoding=\"async\" class=\"alignnone wp-image-6062 size-blog-grid\" src=\"http:\/\/wir-von-der-kennedy.de\/wirvonderkennedyfinal\/wp-content\/uploads\/2015\/09\/IAA-Foto-4-700x400.jpg\" alt=\"IAA Foto 4\" width=\"700\" height=\"400\" \/><\/a><\/strong><\/p>\n<p><span style=\"color: #000000; font-family: Calibri;\"><strong>In Halle 2.0 hat man Fahrzeuge von AMG, Maybach, Mercedes-Benz und Smart gesehen. Man konnte sich in viele Autos reinsetzten und den Mitarbeitern konnte man Fragen stellen. Gezeigt wurde die Mercedes S Klasse, der ML, die A Klasse, E Klasse, SLK und die G Klasse. Wegen der Menschenmenge war es schwer, ganz nach vorne zu gelangen und alles sehen zu k\u00f6nnen.<\/strong> <\/span><\/p>\n<p><a href=\"http:\/\/wir-von-der-kennedy.de\/wirvonderkennedyfinal\/wp-content\/uploads\/2015\/09\/IAA-Foto-5.jpg\"><img loading=\"lazy\" decoding=\"async\" class=\"alignnone wp-image-6063 size-blog-grid\" src=\"http:\/\/wir-von-der-kennedy.de\/wirvonderkennedyfinal\/wp-content\/uploads\/2015\/09\/IAA-Foto-5-700x400.jpg\" alt=\"IAA Foto 5\" width=\"700\" height=\"400\" \/><\/a> <a href=\"http:\/\/wir-von-der-kennedy.de\/wirvonderkennedyfinal\/wp-content\/uploads\/2015\/09\/IAA-Foto-3.jpg\"><img loading=\"lazy\" decoding=\"async\" class=\"alignnone wp-image-6061 size-blog-grid\" src=\"http:\/\/wir-von-der-kennedy.de\/wirvonderkennedyfinal\/wp-content\/uploads\/2015\/09\/IAA-Foto-3-700x400.jpg\" alt=\"IAA Foto 3\" width=\"700\" height=\"400\" \/><\/a><\/p>\n<p><strong><span style=\"color: #000000; font-family: Calibri;\">Um in die Audi-Halle gelangen zu k\u00f6nnen, lief man durch einen Raum voll Eis. Viele Menschen hat das sehr beeindruckt. In der Audi-Halle hat man den neuen A6 bestaunen k\u00f6nnen. Die meisten dieser Autos werden erst im n\u00e4chsten Jahr auf den Markt kommen, was ich sehr interessant fand, denn so konnte man sich ein Bild davon machen, wie sich die Technik in den Autos in den n\u00e4chsten Jahren ver\u00e4ndern wird.<\/span><\/strong><\/p>\n<p><strong><span style=\"color: #000000; font-family: Calibri;\"><em>lesch, katew &amp; ivad<\/em> <\/span><\/strong><\/p>\n","protected":false},"excerpt":{"rendered":"<p>Mehr als nur B\u00fccher: Der Tag des Lesens 2016 Wie jedes Jahr im Fr\u00fchjahr fand auch 2016 der Tag des Lesens statt. Das Motto lautete diesmal: \u201eAbenteuer in der Natur \/ Wildnis\u201c. Ich habe jeweils eine Lesung der f\u00fcnften, sechsten und eine der neunten Klassen besucht. F\u00fcr die F\u00fcnftkl\u00e4ssler war die Aula mit Teelichtern dekoriert&#8230;. <\/p>\n<div class=\"clear\"><\/div>\n<p><a href=\"https:\/\/wir-von-der-kennedy.de\/wirvonderkennedyfinal\/schuljahr-20152016-1-halbjahr\/\" class=\"gdlr-info-font excerpt-read-more\">Read More<\/a><\/p>\n","protected":false},"author":2,"featured_media":0,"parent":0,"menu_order":0,"comment_status":"closed","ping_status":"closed","template":"","meta":{"_crdt_document":"","footnotes":""},"class_list":["post-6033","page","type-page","status-publish","hentry"],"_links":{"self":[{"href":"https:\/\/wir-von-der-kennedy.de\/wirvonderkennedyfinal\/wp-json\/wp\/v2\/pages\/6033","targetHints":{"allow":["GET"]}}],"collection":[{"href":"https:\/\/wir-von-der-kennedy.de\/wirvonderkennedyfinal\/wp-json\/wp\/v2\/pages"}],"about":[{"href":"https:\/\/wir-von-der-kennedy.de\/wirvonderkennedyfinal\/wp-json\/wp\/v2\/types\/page"}],"author":[{"embeddable":true,"href":"https:\/\/wir-von-der-kennedy.de\/wirvonderkennedyfinal\/wp-json\/wp\/v2\/users\/2"}],"replies":[{"embeddable":true,"href":"https:\/\/wir-von-der-kennedy.de\/wirvonderkennedyfinal\/wp-json\/wp\/v2\/comments?post=6033"}],"version-history":[{"count":61,"href":"https:\/\/wir-von-der-kennedy.de\/wirvonderkennedyfinal\/wp-json\/wp\/v2\/pages\/6033\/revisions"}],"predecessor-version":[{"id":6058,"href":"https:\/\/wir-von-der-kennedy.de\/wirvonderkennedyfinal\/wp-json\/wp\/v2\/pages\/6033\/revisions\/6058"}],"wp:attachment":[{"href":"https:\/\/wir-von-der-kennedy.de\/wirvonderkennedyfinal\/wp-json\/wp\/v2\/media?parent=6033"}],"curies":[{"name":"wp","href":"https:\/\/api.w.org\/{rel}","templated":true}]}}