{"id":6366,"date":"2016-04-08T10:07:45","date_gmt":"2016-04-08T08:07:45","guid":{"rendered":"http:\/\/wir-von-der-kennedy.de\/wirvonderkennedyfinal\/?page_id=6366"},"modified":"2024-02-19T14:09:50","modified_gmt":"2024-02-19T13:09:50","slug":"schuljahr-20152016-2-halbjahr","status":"publish","type":"page","link":"https:\/\/wir-von-der-kennedy.de\/wirvonderkennedyfinal\/schuljahr-20152016-2-halbjahr\/","title":{"rendered":"Schuljahr 2015\/2016, 2. Halbjahr"},"content":{"rendered":"<h1><strong>Viele Stufen und wenig Schokolade: ein Tag K\u00f6ln<\/strong><\/h1>\n<p>Am Montag, den 11. Juli 2016 sind die Klassen von Herr Menzel (9aR) und von Frau Kern (9bR) nach K\u00f6ln gefahren. Wir haben uns um 7:30 am Schulhof getroffenen, und sind knapp 2 \u00bd Stunden mit dem Bus zum Schokoladenmuseum nach K\u00f6ln gefahren. Dort haben wir an einer einst\u00fcndigen F\u00fchrung teilgenommen, und immer wenn jemand eine Frage richtig beantwortet hat, bekam man ein St\u00fcck Schokolade. In der F\u00fchrung ging es um die Geschichte, Entstehung und die Zutaten der Schokolade. Der Schokobrunnen hat viele entt\u00e4uscht, da man mehr Waffel als Schoko geschmeckt hat. Das Museum hat auch einen Laden, wo es ganz viel Schokolade aber auch so seltsame Sachen wie Schokobier gibt. Dann sind wir knapp 5 Minuten zum K\u00f6lner Dom gelaufen. Wir haben uns danach den Dom von innen angeguckt. In meinen 3 Stunden Freizeit bin ich unter anderem die 500 Stufen den Dom hochgegangen. Von dort oben hat man einen wundersch\u00f6nen Ausblick. Das waren mir die zwei Euro wert. Nachdem ich K\u00f6ln von oben gesehen hatte, bin ich mit meinen Freunden was essen gegangen. Danach sind wir am Rhein entlang gelaufen und haben uns im Schokoladenmuseum einen Kakao gekauft. Gegen 18:00 waren wir wieder in Bad Vilbel.<\/p>\n<p><em>lesch, 9b<\/em><\/p>\n<h1>\u00a0<a href=\"http:\/\/wir-von-der-kennedy.de\/wirvonderkennedyfinal\/wp-content\/uploads\/2016\/04\/20160711_132032.jpg\"><img loading=\"lazy\" decoding=\"async\" class=\"alignnone wp-image-6760 size-medium\" src=\"http:\/\/wir-von-der-kennedy.de\/wirvonderkennedyfinal\/wp-content\/uploads\/2016\/04\/20160711_132032-e1474980526666-169x300.jpg\" alt=\"20160711_132032\" width=\"169\" height=\"300\" srcset=\"https:\/\/wir-von-der-kennedy.de\/wirvonderkennedyfinal\/wp-content\/uploads\/2016\/04\/20160711_132032-e1474980526666-169x300.jpg 169w, https:\/\/wir-von-der-kennedy.de\/wirvonderkennedyfinal\/wp-content\/uploads\/2016\/04\/20160711_132032-e1474980526666-768x1365.jpg 768w, https:\/\/wir-von-der-kennedy.de\/wirvonderkennedyfinal\/wp-content\/uploads\/2016\/04\/20160711_132032-e1474980526666-576x1024.jpg 576w\" sizes=\"auto, (max-width: 169px) 100vw, 169px\" \/><\/a> <a href=\"http:\/\/wir-von-der-kennedy.de\/wirvonderkennedyfinal\/wp-content\/uploads\/2016\/04\/20160711_132255.jpg\"><img loading=\"lazy\" decoding=\"async\" class=\"alignnone wp-image-6761 size-medium\" src=\"http:\/\/wir-von-der-kennedy.de\/wirvonderkennedyfinal\/wp-content\/uploads\/2016\/04\/20160711_132255-e1474980555220-169x300.jpg\" alt=\"20160711_132255\" width=\"169\" height=\"300\" srcset=\"https:\/\/wir-von-der-kennedy.de\/wirvonderkennedyfinal\/wp-content\/uploads\/2016\/04\/20160711_132255-e1474980555220-169x300.jpg 169w, https:\/\/wir-von-der-kennedy.de\/wirvonderkennedyfinal\/wp-content\/uploads\/2016\/04\/20160711_132255-e1474980555220-768x1365.jpg 768w, https:\/\/wir-von-der-kennedy.de\/wirvonderkennedyfinal\/wp-content\/uploads\/2016\/04\/20160711_132255-e1474980555220-576x1024.jpg 576w\" sizes=\"auto, (max-width: 169px) 100vw, 169px\" \/><\/a><\/h1>\n<hr \/>\n<h1><\/h1>\n<h1><strong>Die Schulhofparty der Abschlussklassen<\/strong><\/h1>\n<p><a href=\"http:\/\/wir-von-der-kennedy.de\/wirvonderkennedyfinal\/wp-content\/uploads\/2016\/07\/IMG_5326.jpg\"><img loading=\"lazy\" decoding=\"async\" class=\"alignnone size-medium wp-image-6642\" src=\"http:\/\/wir-von-der-kennedy.de\/wirvonderkennedyfinal\/wp-content\/uploads\/2016\/07\/IMG_5326-300x200.jpg\" alt=\"IMG_5326\" width=\"300\" height=\"200\" srcset=\"https:\/\/wir-von-der-kennedy.de\/wirvonderkennedyfinal\/wp-content\/uploads\/2016\/07\/IMG_5326-300x200.jpg 300w, https:\/\/wir-von-der-kennedy.de\/wirvonderkennedyfinal\/wp-content\/uploads\/2016\/07\/IMG_5326-768x512.jpg 768w, https:\/\/wir-von-der-kennedy.de\/wirvonderkennedyfinal\/wp-content\/uploads\/2016\/07\/IMG_5326-1024x683.jpg 1024w\" sizes=\"auto, (max-width: 300px) 100vw, 300px\" \/><\/a>\u00a0 <a href=\"http:\/\/wir-von-der-kennedy.de\/wirvonderkennedyfinal\/wp-content\/uploads\/2016\/07\/IMG_5323.jpg\"><img loading=\"lazy\" decoding=\"async\" class=\"alignnone size-medium wp-image-6639\" src=\"http:\/\/wir-von-der-kennedy.de\/wirvonderkennedyfinal\/wp-content\/uploads\/2016\/07\/IMG_5323-300x200.jpg\" alt=\"IMG_5323\" width=\"300\" height=\"200\" srcset=\"https:\/\/wir-von-der-kennedy.de\/wirvonderkennedyfinal\/wp-content\/uploads\/2016\/07\/IMG_5323-300x200.jpg 300w, https:\/\/wir-von-der-kennedy.de\/wirvonderkennedyfinal\/wp-content\/uploads\/2016\/07\/IMG_5323-768x512.jpg 768w, https:\/\/wir-von-der-kennedy.de\/wirvonderkennedyfinal\/wp-content\/uploads\/2016\/07\/IMG_5323-1024x683.jpg 1024w\" sizes=\"auto, (max-width: 300px) 100vw, 300px\" \/><\/a><a href=\"http:\/\/wir-von-der-kennedy.de\/wirvonderkennedyfinal\/wp-content\/uploads\/2016\/07\/IMG_5325.jpg\"><img loading=\"lazy\" decoding=\"async\" class=\"alignnone size-medium wp-image-6641\" src=\"http:\/\/wir-von-der-kennedy.de\/wirvonderkennedyfinal\/wp-content\/uploads\/2016\/07\/IMG_5325-300x200.jpg\" alt=\"IMG_5325\" width=\"300\" height=\"200\" srcset=\"https:\/\/wir-von-der-kennedy.de\/wirvonderkennedyfinal\/wp-content\/uploads\/2016\/07\/IMG_5325-300x200.jpg 300w, https:\/\/wir-von-der-kennedy.de\/wirvonderkennedyfinal\/wp-content\/uploads\/2016\/07\/IMG_5325-768x512.jpg 768w, https:\/\/wir-von-der-kennedy.de\/wirvonderkennedyfinal\/wp-content\/uploads\/2016\/07\/IMG_5325-1024x683.jpg 1024w\" sizes=\"auto, (max-width: 300px) 100vw, 300px\" \/><\/a>\u00a0 <a href=\"http:\/\/wir-von-der-kennedy.de\/wirvonderkennedyfinal\/wp-content\/uploads\/2016\/07\/IMG_5324.jpg\"><img loading=\"lazy\" decoding=\"async\" class=\"alignnone size-medium wp-image-6640\" src=\"http:\/\/wir-von-der-kennedy.de\/wirvonderkennedyfinal\/wp-content\/uploads\/2016\/07\/IMG_5324-300x200.jpg\" alt=\"IMG_5324\" width=\"300\" height=\"200\" srcset=\"https:\/\/wir-von-der-kennedy.de\/wirvonderkennedyfinal\/wp-content\/uploads\/2016\/07\/IMG_5324-300x200.jpg 300w, https:\/\/wir-von-der-kennedy.de\/wirvonderkennedyfinal\/wp-content\/uploads\/2016\/07\/IMG_5324-768x512.jpg 768w, https:\/\/wir-von-der-kennedy.de\/wirvonderkennedyfinal\/wp-content\/uploads\/2016\/07\/IMG_5324-1024x683.jpg 1024w\" sizes=\"auto, (max-width: 300px) 100vw, 300px\" \/><\/a><a href=\"http:\/\/wir-von-der-kennedy.de\/wirvonderkennedyfinal\/wp-content\/uploads\/2016\/07\/IMG_5327.jpg\"><img loading=\"lazy\" decoding=\"async\" class=\"alignnone size-medium wp-image-6643\" src=\"http:\/\/wir-von-der-kennedy.de\/wirvonderkennedyfinal\/wp-content\/uploads\/2016\/07\/IMG_5327-300x200.jpg\" alt=\"IMG_5327\" width=\"300\" height=\"200\" srcset=\"https:\/\/wir-von-der-kennedy.de\/wirvonderkennedyfinal\/wp-content\/uploads\/2016\/07\/IMG_5327-300x200.jpg 300w, https:\/\/wir-von-der-kennedy.de\/wirvonderkennedyfinal\/wp-content\/uploads\/2016\/07\/IMG_5327-768x512.jpg 768w, https:\/\/wir-von-der-kennedy.de\/wirvonderkennedyfinal\/wp-content\/uploads\/2016\/07\/IMG_5327-1024x683.jpg 1024w\" sizes=\"auto, (max-width: 300px) 100vw, 300px\" \/><\/a>\u00a0 <a href=\"http:\/\/wir-von-der-kennedy.de\/wirvonderkennedyfinal\/wp-content\/uploads\/2016\/07\/IMG_5322.jpg\"><img loading=\"lazy\" decoding=\"async\" class=\"alignnone size-medium wp-image-6638\" src=\"http:\/\/wir-von-der-kennedy.de\/wirvonderkennedyfinal\/wp-content\/uploads\/2016\/07\/IMG_5322-300x200.jpg\" alt=\"IMG_5322\" width=\"300\" height=\"200\" srcset=\"https:\/\/wir-von-der-kennedy.de\/wirvonderkennedyfinal\/wp-content\/uploads\/2016\/07\/IMG_5322-300x200.jpg 300w, https:\/\/wir-von-der-kennedy.de\/wirvonderkennedyfinal\/wp-content\/uploads\/2016\/07\/IMG_5322-768x512.jpg 768w, https:\/\/wir-von-der-kennedy.de\/wirvonderkennedyfinal\/wp-content\/uploads\/2016\/07\/IMG_5322-1024x683.jpg 1024w\" sizes=\"auto, (max-width: 300px) 100vw, 300px\" \/><\/a><\/p>\n<p><span style=\"color: #000000; font-family: Calibri;\">\u00a0<\/span><\/p>\n<p>Am 1.7.2016 haben die Abschlussklassen der 10R und 9H eine Schulhofparty veranstaltet. Es gab ein Blinden- Fu\u00dfball-Spiel, Wasserbomben-Volleyball und Apfeltauchen. Und es gab Musik. Manche Sch\u00fcler haben den Lehrern oder anderen Sch\u00fclern Rasierschaum oder Sahne ins Gesicht geworfen. Herr Di und Herr Beyer haben das Apfeltauchen gewonnen. Die Lehrer haben auch beim Blinden-Fu\u00dfball gewonnen. Die Sch\u00fcler aus der 5bF fanden die Feier interessant, weil sie viele Spiele gespielt haben. Sie hatten nach der vierten Stunde frei. Sie fanden die Abschlussfeier sch\u00f6n und hatten viel Spa\u00df, weil die Lehrer Fu\u00dfball gespielt haben.<\/p>\n<p><em>Von YaWa, LB und MC<\/em><\/p>\n<hr \/>\n<h1><\/h1>\n<h1><strong>Hilfreiche Streitschlichter\u00a0<\/strong><\/h1>\n<p>Gleich mit zwei hilfreichen Aktionen verabschieden sich die Streitschlichter der John-F.-Kennedy-Schule in die Sommerferien.<\/p>\n<p><strong>Geld f\u00fcr Integration \u2013 Spende der Streitschlichter<\/strong><\/p>\n<p>Das aktuelle Schuljahr neigt sich dem Ende zu und wie auch in den vorherigen Jahren, wollen die Streitschlichter unter Leistung von Astrid Logisch ihre \u201eResteinnahmen\u201c f\u00fcr einen guten Zweck spenden. Einstimmig wurde entschieden, dass die diesj\u00e4hrige Spende dem BiLi e.V. Bad Vilbel zugutekommen soll. Der \u201eBehinderte ins Leben integrieren\u201c-Verein unterst\u00fctzt Behinderte bei der Integration und setzt sich f\u00fcr die Gleichstellung und Selbstbestimmung behinderter Menschen in allen Lebensbereichen ein.<br \/>\n[ <a href=\"http:\/\/www.bili-ev.de\/\">http:\/\/www.bili-ev.de\/<\/a> ]<\/p>\n<p><a href=\"http:\/\/wir-von-der-kennedy.de\/wirvonderkennedyfinal\/wp-content\/uploads\/2016\/04\/img_2799.jpg\"><img loading=\"lazy\" decoding=\"async\" class=\"wp-image-6646 size-large alignnone\" src=\"http:\/\/wir-von-der-kennedy.de\/wirvonderkennedyfinal\/wp-content\/uploads\/2016\/04\/img_2799-1024x768.jpg\" alt=\"img_2799\" width=\"960\" height=\"720\" srcset=\"https:\/\/wir-von-der-kennedy.de\/wirvonderkennedyfinal\/wp-content\/uploads\/2016\/04\/img_2799.jpg 1024w, https:\/\/wir-von-der-kennedy.de\/wirvonderkennedyfinal\/wp-content\/uploads\/2016\/04\/img_2799-300x225.jpg 300w, https:\/\/wir-von-der-kennedy.de\/wirvonderkennedyfinal\/wp-content\/uploads\/2016\/04\/img_2799-768x576.jpg 768w, https:\/\/wir-von-der-kennedy.de\/wirvonderkennedyfinal\/wp-content\/uploads\/2016\/04\/img_2799-400x300.jpg 400w\" sizes=\"auto, (max-width: 960px) 100vw, 960px\" \/><\/a><\/p>\n<p><strong>Handys f\u00fcr Gorillas \u2013 Streitschlichter unterst\u00fctzen Frankfurter Zoo mit Sammelaktion<\/strong><\/p>\n<p>Wie bereits vor einigen Jahren, sammelten die Streitschichter dieses Jahr wieder alte Handys ein, um so eine Sammelaktion des Frankfurter Zoos zu unterst\u00fctzen. Bei dieser Aktion werden alte Handys gesammelt, um den Lebensraum der Gorillas zu sch\u00fctzen. In den letzten Jahren wird dort n\u00e4mlich das &#8211; f\u00fcr die Handyproduktion erforderliche &#8211; Metall \u201eColtan\u201c abgebaut. Da die Nachfrage in den letzten Jahren immer mehr gestiegen ist, entstanden immer mehr illegale Abbaulager im Lebensraum der Gorillas, sodass diese vom Aussterben bedroht sind.<br \/>\n<span style=\"font-family: 'Arial','sans-serif';\"><span style=\"color: #000000;\">[ <\/span><\/span><a href=\"http:\/\/www.zoo-frankfurt.de\/helfen\/handy-sammelaktion\/\"><span style=\"font-family: 'Arial','sans-serif';\"><span style=\"color: #0000ff;\">http:\/\/www.zoo-frankfurt.de\/helfen\/handy-sammelaktion\/<\/span><\/span><\/a><span style=\"font-family: 'Arial','sans-serif';\"><span style=\"color: #000000;\"> ]<\/span><\/span><\/p>\n<p><em>S. H.<\/em><\/p>\n<hr \/>\n<h1><\/h1>\n<h1><strong>Das Palmengarten-ABC<\/strong><\/h1>\n<h2><strong>A<\/strong>ffenbrotbaum, <strong>B<\/strong>ananenstaude und <strong>C<\/strong>ochenilleschildlaus<\/h2>\n<p><a href=\"http:\/\/wir-von-der-kennedy.de\/wirvonderkennedyfinal\/wp-content\/uploads\/2016\/04\/IMG-20160621-WA0002.jpg\" rel=\"attachment wp-att-6618\"><img loading=\"lazy\" decoding=\"async\" class=\"alignnone wp-image-6618 size-medium\" src=\"http:\/\/wir-von-der-kennedy.de\/wirvonderkennedyfinal\/wp-content\/uploads\/2016\/04\/IMG-20160621-WA0002-169x300.jpg\" alt=\"IMG-20160621-WA0002\" width=\"169\" height=\"300\" srcset=\"https:\/\/wir-von-der-kennedy.de\/wirvonderkennedyfinal\/wp-content\/uploads\/2016\/04\/IMG-20160621-WA0002-169x300.jpg 169w, https:\/\/wir-von-der-kennedy.de\/wirvonderkennedyfinal\/wp-content\/uploads\/2016\/04\/IMG-20160621-WA0002-768x1365.jpg 768w, https:\/\/wir-von-der-kennedy.de\/wirvonderkennedyfinal\/wp-content\/uploads\/2016\/04\/IMG-20160621-WA0002-576x1024.jpg 576w, https:\/\/wir-von-der-kennedy.de\/wirvonderkennedyfinal\/wp-content\/uploads\/2016\/04\/IMG-20160621-WA0002.jpg 900w\" sizes=\"auto, (max-width: 169px) 100vw, 169px\" \/><\/a> <a href=\"http:\/\/wir-von-der-kennedy.de\/wirvonderkennedyfinal\/wp-content\/uploads\/2016\/04\/IMG-20160621-WA0003.jpg\" rel=\"attachment wp-att-6619\"><img loading=\"lazy\" decoding=\"async\" class=\"alignnone size-medium wp-image-6619\" src=\"http:\/\/wir-von-der-kennedy.de\/wirvonderkennedyfinal\/wp-content\/uploads\/2016\/04\/IMG-20160621-WA0003-169x300.jpg\" alt=\"IMG-20160621-WA0003\" width=\"169\" height=\"300\" srcset=\"https:\/\/wir-von-der-kennedy.de\/wirvonderkennedyfinal\/wp-content\/uploads\/2016\/04\/IMG-20160621-WA0003-169x300.jpg 169w, https:\/\/wir-von-der-kennedy.de\/wirvonderkennedyfinal\/wp-content\/uploads\/2016\/04\/IMG-20160621-WA0003-768x1365.jpg 768w, https:\/\/wir-von-der-kennedy.de\/wirvonderkennedyfinal\/wp-content\/uploads\/2016\/04\/IMG-20160621-WA0003-576x1024.jpg 576w, https:\/\/wir-von-der-kennedy.de\/wirvonderkennedyfinal\/wp-content\/uploads\/2016\/04\/IMG-20160621-WA0003.jpg 900w\" sizes=\"auto, (max-width: 169px) 100vw, 169px\" \/><\/a> <a href=\"http:\/\/wir-von-der-kennedy.de\/wirvonderkennedyfinal\/wp-content\/uploads\/2016\/04\/IMG-20160621-WA0006.jpg\" rel=\"attachment wp-att-6620\"><img loading=\"lazy\" decoding=\"async\" class=\"alignnone size-medium wp-image-6620\" src=\"http:\/\/wir-von-der-kennedy.de\/wirvonderkennedyfinal\/wp-content\/uploads\/2016\/04\/IMG-20160621-WA0006-169x300.jpg\" alt=\"IMG-20160621-WA0006\" width=\"169\" height=\"300\" srcset=\"https:\/\/wir-von-der-kennedy.de\/wirvonderkennedyfinal\/wp-content\/uploads\/2016\/04\/IMG-20160621-WA0006-169x300.jpg 169w, https:\/\/wir-von-der-kennedy.de\/wirvonderkennedyfinal\/wp-content\/uploads\/2016\/04\/IMG-20160621-WA0006-768x1365.jpg 768w, https:\/\/wir-von-der-kennedy.de\/wirvonderkennedyfinal\/wp-content\/uploads\/2016\/04\/IMG-20160621-WA0006-576x1024.jpg 576w, https:\/\/wir-von-der-kennedy.de\/wirvonderkennedyfinal\/wp-content\/uploads\/2016\/04\/IMG-20160621-WA0006.jpg 900w\" sizes=\"auto, (max-width: 169px) 100vw, 169px\" \/><\/a><\/p>\n<p>Am 15. Juni 2016 war ich mit meiner Klasse 6c im Palmengarten. Dort gab es f\u00fcr mich jede Menge Neues und Interessantes zu entdecken. Am besten gefiel es mir im Tropicarium, von dem ich euch heute erz\u00e4hlen m\u00f6chte.<\/p>\n<p>Zun\u00e4chst m\u00f6chte ich mich dem Thema Halbw\u00fcste widmen. Interessant hier sind die Niederschlagmengen im Vergleich zu Frankfurt und dem Tropischen Regenwald. In der W\u00fcste regnet es ca. 20-30 mm im Jahr (nat\u00fcrlich je nach W\u00fcstenart) in Frankfurt ca. 650 mm pro Jahr (dieses Jahr wahrscheinlich etwas mehr) und im Tropischen Regenwald ca. 2000-7000 mm im Jahr.<\/p>\n<p>Die Pflanzenwelt in der W\u00fcste ist meist durch Kakteen gepr\u00e4gt, da diese sehr viel Wasser aufnehmen und speichern k\u00f6nnten. Es gibt die verschiedensten Arten und Formen von Kakteen. Was ich nicht wusste, ist, dass manche auch bl\u00fchen k\u00f6nnen. Aus Kaktusfeigen kann man auch Saft machen und sie auch essen. Ebenfalls zu den Kaktusarten geh\u00f6rt die Agave, aus der, wie ihr es euch auch schon sicherlich gedacht habt, der Agavendicksaft gewonnen wird. Die Agave braucht ca. 15 Jahre, damit sie das erste Mal bl\u00fcht. Die Bl\u00e4tter sind sehr hart und spitz. Nachdem die Pflanzen bl\u00fchen, sterben sie, weil die Pflanzen dann keine Kraft mehr haben. Ziemlich stark sehen auch die Affenbrotb\u00e4ume aus, welche in den ersten 20-25 Jahren zuerst in die H\u00f6he wachsen und erst danach in die Breite. Das Fruchtfleisch der Beeren ist hart und wei\u00df. Jedoch sehr Vitamin-C-reich. Wir durften sogar manche probieren.<\/p>\n<p>Zum Abschluss der F\u00fchrung gingen wir in die Regenwald Abteilung. Wir haben uns ein paar B\u00e4ume dort angeschaut. Ein Beispiel: die Bananenstaude. Die Bananenstauden brauchen neun Monate um 30 Meter hoch zu werden und die Bananen brauchen zwei Wochen um zu bl\u00fchen. Der Bananenbaum ist eigentlich nur ein Kraut vom Regenwald. Die Bl\u00fctenspitze bl\u00fcht und gibt einen Duft ab, der die Flederm\u00e4use anlockt. Die Bl\u00fcte ist violett, das hei\u00dft, sie lockt auch Flederm\u00e4use in der Nacht an.<\/p>\n<p>Dann schauten wir uns die Kakao-B\u00e4ume an. Die Kakaofrucht w\u00e4chst nur an dem Stamm, weil die Frucht bis zu \u00bd kg wiegen kann. Die Innenfrucht schmeckt nach Melone und ist sch\u00f6n wei\u00df. Allerdings sind die Samen aber schwarz und vom Geschmack her sehr bitter.<\/p>\n<p>Kurz vor Ende schauten wir uns noch eine Ananaspflanze an. Jede Ananaspflanze hat nur eine Ananas. Aber es gab noch viele weitere B\u00e4ume wie zum Beispiel der Mangobaum, der Pockholzbaum und der Palmfarn. Insgesamt gibt es dort wirklich viele interessante B\u00e4ume aus dem Regenwald, welche wir hier so in Deutschland, niemals sehen werden.<\/p>\n<p>Der Farbstoff Kaminrot wird aus der weiblichen Cochenilleschildlaus hergestellt. Hierzu werden die Tiere getrocknet, zermahlen und mit z.B. Wasser vermischt. Es entsteht ein sehr sch\u00f6ner Farbton, der in der Kosmetik und zum F\u00e4rben von Stoffen benutzt wird. Aus diesem Grund ist der Farbstoff auch nicht gerade g\u00fcnstig. Denn 100g original Kaminrot kostet ca. 80 \u20ac.<\/p>\n<p><a href=\"http:\/\/wir-von-der-kennedy.de\/wirvonderkennedyfinal\/wp-content\/uploads\/2016\/04\/IMG-20160621-WA0007.jpg\" rel=\"attachment wp-att-6621\"><img loading=\"lazy\" decoding=\"async\" class=\"alignnone size-medium wp-image-6621\" src=\"http:\/\/wir-von-der-kennedy.de\/wirvonderkennedyfinal\/wp-content\/uploads\/2016\/04\/IMG-20160621-WA0007-169x300.jpg\" alt=\"IMG-20160621-WA0007\" width=\"169\" height=\"300\" srcset=\"https:\/\/wir-von-der-kennedy.de\/wirvonderkennedyfinal\/wp-content\/uploads\/2016\/04\/IMG-20160621-WA0007-169x300.jpg 169w, https:\/\/wir-von-der-kennedy.de\/wirvonderkennedyfinal\/wp-content\/uploads\/2016\/04\/IMG-20160621-WA0007-768x1365.jpg 768w, https:\/\/wir-von-der-kennedy.de\/wirvonderkennedyfinal\/wp-content\/uploads\/2016\/04\/IMG-20160621-WA0007-576x1024.jpg 576w, https:\/\/wir-von-der-kennedy.de\/wirvonderkennedyfinal\/wp-content\/uploads\/2016\/04\/IMG-20160621-WA0007.jpg 900w\" sizes=\"auto, (max-width: 169px) 100vw, 169px\" \/><\/a> <a href=\"http:\/\/wir-von-der-kennedy.de\/wirvonderkennedyfinal\/wp-content\/uploads\/2016\/04\/IMG-20160621-WA0013.jpg\" rel=\"attachment wp-att-6622\"><img loading=\"lazy\" decoding=\"async\" class=\"alignnone size-medium wp-image-6622\" src=\"http:\/\/wir-von-der-kennedy.de\/wirvonderkennedyfinal\/wp-content\/uploads\/2016\/04\/IMG-20160621-WA0013-168x300.jpg\" alt=\"IMG-20160621-WA0013\" width=\"168\" height=\"300\" srcset=\"https:\/\/wir-von-der-kennedy.de\/wirvonderkennedyfinal\/wp-content\/uploads\/2016\/04\/IMG-20160621-WA0013-168x300.jpg 168w, https:\/\/wir-von-der-kennedy.de\/wirvonderkennedyfinal\/wp-content\/uploads\/2016\/04\/IMG-20160621-WA0013-768x1371.jpg 768w, https:\/\/wir-von-der-kennedy.de\/wirvonderkennedyfinal\/wp-content\/uploads\/2016\/04\/IMG-20160621-WA0013-574x1024.jpg 574w, https:\/\/wir-von-der-kennedy.de\/wirvonderkennedyfinal\/wp-content\/uploads\/2016\/04\/IMG-20160621-WA0013.jpg 896w\" sizes=\"auto, (max-width: 168px) 100vw, 168px\" \/><\/a> <a href=\"http:\/\/wir-von-der-kennedy.de\/wirvonderkennedyfinal\/wp-content\/uploads\/2016\/04\/IMG-20160621-WA0017.jpg\" rel=\"attachment wp-att-6623\"><img loading=\"lazy\" decoding=\"async\" class=\"alignnone size-medium wp-image-6623\" src=\"http:\/\/wir-von-der-kennedy.de\/wirvonderkennedyfinal\/wp-content\/uploads\/2016\/04\/IMG-20160621-WA0017-168x300.jpg\" alt=\"IMG-20160621-WA0017\" width=\"168\" height=\"300\" srcset=\"https:\/\/wir-von-der-kennedy.de\/wirvonderkennedyfinal\/wp-content\/uploads\/2016\/04\/IMG-20160621-WA0017-168x300.jpg 168w, https:\/\/wir-von-der-kennedy.de\/wirvonderkennedyfinal\/wp-content\/uploads\/2016\/04\/IMG-20160621-WA0017-768x1371.jpg 768w, https:\/\/wir-von-der-kennedy.de\/wirvonderkennedyfinal\/wp-content\/uploads\/2016\/04\/IMG-20160621-WA0017-574x1024.jpg 574w, https:\/\/wir-von-der-kennedy.de\/wirvonderkennedyfinal\/wp-content\/uploads\/2016\/04\/IMG-20160621-WA0017.jpg 896w\" sizes=\"auto, (max-width: 168px) 100vw, 168px\" \/><\/a><\/p>\n<p><a href=\"http:\/\/wir-von-der-kennedy.de\/wirvonderkennedyfinal\/wp-content\/uploads\/2016\/06\/Klasse-6c-im-Palmengarten-1.jpg\" rel=\"attachment wp-att-6605\"><img loading=\"lazy\" decoding=\"async\" class=\"alignnone wp-image-6605\" src=\"http:\/\/wir-von-der-kennedy.de\/wirvonderkennedyfinal\/wp-content\/uploads\/2016\/06\/Klasse-6c-im-Palmengarten-1-768x1024.jpg\" alt=\"Klasse 6c im Palmengarten 1\" width=\"500\" height=\"667\" srcset=\"https:\/\/wir-von-der-kennedy.de\/wirvonderkennedyfinal\/wp-content\/uploads\/2016\/06\/Klasse-6c-im-Palmengarten-1-768x1024.jpg 768w, https:\/\/wir-von-der-kennedy.de\/wirvonderkennedyfinal\/wp-content\/uploads\/2016\/06\/Klasse-6c-im-Palmengarten-1-225x300.jpg 225w, https:\/\/wir-von-der-kennedy.de\/wirvonderkennedyfinal\/wp-content\/uploads\/2016\/06\/Klasse-6c-im-Palmengarten-1.jpg 1200w\" sizes=\"auto, (max-width: 500px) 100vw, 500px\" \/><\/a><\/p>\n<p><i>Vielen Dank den Fotografen!<\/i><\/p>\n<p><em>Patrick Przybysz, Bojan Velemir, lesch, yawa<\/em><\/p>\n<hr \/>\n<h1><\/h1>\n<h1><strong>Gr\u00fc\u00dfe aus Pula!<\/strong><\/h1>\n<p>Die 10c mit ihren Begleitern Meike Wolf und Markus Maienschein schickte uns einen Fotogru\u00df aus dem sch\u00f6nen Pula in Kroatien!<\/p>\n<p><a href=\"http:\/\/wir-von-der-kennedy.de\/wirvonderkennedyfinal\/wp-content\/uploads\/2016\/04\/IMG-20160615-WA0001.jpg\" rel=\"attachment wp-att-6601\"><img loading=\"lazy\" decoding=\"async\" class=\"alignnone wp-image-6601 size-large\" src=\"http:\/\/wir-von-der-kennedy.de\/wirvonderkennedyfinal\/wp-content\/uploads\/2016\/04\/IMG-20160615-WA0001-1024x768.jpg\" alt=\"IMG-20160615-WA0001\" width=\"960\" height=\"720\" srcset=\"https:\/\/wir-von-der-kennedy.de\/wirvonderkennedyfinal\/wp-content\/uploads\/2016\/04\/IMG-20160615-WA0001-1024x768.jpg 1024w, https:\/\/wir-von-der-kennedy.de\/wirvonderkennedyfinal\/wp-content\/uploads\/2016\/04\/IMG-20160615-WA0001-300x225.jpg 300w, https:\/\/wir-von-der-kennedy.de\/wirvonderkennedyfinal\/wp-content\/uploads\/2016\/04\/IMG-20160615-WA0001-768x576.jpg 768w, https:\/\/wir-von-der-kennedy.de\/wirvonderkennedyfinal\/wp-content\/uploads\/2016\/04\/IMG-20160615-WA0001-400x300.jpg 400w, https:\/\/wir-von-der-kennedy.de\/wirvonderkennedyfinal\/wp-content\/uploads\/2016\/04\/IMG-20160615-WA0001.jpg 1600w\" sizes=\"auto, (max-width: 960px) 100vw, 960px\" \/><\/a><\/p>\n<p><em>whz<\/em><\/p>\n<hr \/>\n<h1><\/h1>\n<h1><strong>Mir\u00f3 und die Sockenfische<\/strong><\/h1>\n<p>In Begleitung ihrer Kunstlehrerin Frau Wolf und ihres Klassenlehrers Herr Wolfsholz besuchte die Klasse 7c am 25. Mai 2016 die Ausstellung &#8222;Joan Mir\u00f3 &#8211; Wandbilder, Weltenbilder&#8220; in der SCHIRN in Frankfurt am Main. Einer informativen F\u00fchrung, bei der die Sch\u00fcler viele Fragen stellen, aber auch ihre Ansichten zu den \u00fcberdimensionalen Bildern des spanischen K\u00fcnstlers \u00e4u\u00dfern konnten, folgte ein Workshop, der bei den meisten richtig gut ankam. Dort konnte man aus Holz, Draht, Nylons\u00f6ckchen und Farbe so genannte &#8222;Sockenfische&#8220; herstellen, wobei der Phantasie fast keine Grenzen gesetzt waren. Wie bei nahezu jedem Ausflug, der in die gro\u00dfe Nachbarstadt von Bad Vilbel f\u00fchrt, hatten die Siebtkl\u00e4ssler auch noch die Gelegenheit, ein wenig in kleinen Gruppen \u00fcber die Zeil zu schlendern und zu shoppen.<\/p>\n<h1><a href=\"http:\/\/wir-von-der-kennedy.de\/wirvonderkennedyfinal\/wp-content\/uploads\/2016\/04\/Mir\u00f3-am-25.05.2016.jpg\" rel=\"attachment wp-att-6574\"><img loading=\"lazy\" decoding=\"async\" class=\"alignnone wp-image-6574 size-large\" src=\"http:\/\/wir-von-der-kennedy.de\/wirvonderkennedyfinal\/wp-content\/uploads\/2016\/04\/Mir\u00f3-am-25.05.2016-1024x768.jpg\" alt=\"Mir\u00f3 am 25.05.2016\" width=\"960\" height=\"720\" srcset=\"https:\/\/wir-von-der-kennedy.de\/wirvonderkennedyfinal\/wp-content\/uploads\/2016\/04\/Mir\u00f3-am-25.05.2016-1024x768.jpg 1024w, https:\/\/wir-von-der-kennedy.de\/wirvonderkennedyfinal\/wp-content\/uploads\/2016\/04\/Mir\u00f3-am-25.05.2016-300x225.jpg 300w, https:\/\/wir-von-der-kennedy.de\/wirvonderkennedyfinal\/wp-content\/uploads\/2016\/04\/Mir\u00f3-am-25.05.2016-768x576.jpg 768w, https:\/\/wir-von-der-kennedy.de\/wirvonderkennedyfinal\/wp-content\/uploads\/2016\/04\/Mir\u00f3-am-25.05.2016-400x300.jpg 400w, https:\/\/wir-von-der-kennedy.de\/wirvonderkennedyfinal\/wp-content\/uploads\/2016\/04\/Mir\u00f3-am-25.05.2016.jpg 1600w\" sizes=\"auto, (max-width: 960px) 100vw, 960px\" \/><\/a><\/h1>\n<p>Die 7c mit Frau Wolf vor der SCHIRN (Foto oben) und nach dem Workshop (Foto unten).<\/p>\n<h1><a href=\"http:\/\/wir-von-der-kennedy.de\/wirvonderkennedyfinal\/wp-content\/uploads\/2016\/04\/Mir\u00f3-2.jpg\" rel=\"attachment wp-att-6573\"><img loading=\"lazy\" decoding=\"async\" class=\"alignnone wp-image-6573 size-large\" src=\"http:\/\/wir-von-der-kennedy.de\/wirvonderkennedyfinal\/wp-content\/uploads\/2016\/04\/Mir\u00f3-2-1024x768.jpg\" alt=\"Mir\u00f3 2\" width=\"960\" height=\"720\" srcset=\"https:\/\/wir-von-der-kennedy.de\/wirvonderkennedyfinal\/wp-content\/uploads\/2016\/04\/Mir\u00f3-2-1024x768.jpg 1024w, https:\/\/wir-von-der-kennedy.de\/wirvonderkennedyfinal\/wp-content\/uploads\/2016\/04\/Mir\u00f3-2-300x225.jpg 300w, https:\/\/wir-von-der-kennedy.de\/wirvonderkennedyfinal\/wp-content\/uploads\/2016\/04\/Mir\u00f3-2-768x576.jpg 768w, https:\/\/wir-von-der-kennedy.de\/wirvonderkennedyfinal\/wp-content\/uploads\/2016\/04\/Mir\u00f3-2-400x300.jpg 400w\" sizes=\"auto, (max-width: 960px) 100vw, 960px\" \/><\/a><\/h1>\n<p><em>whz<\/em><\/p>\n<hr \/>\n<h1><strong>Besuch bei der K\u00f6nigin <\/strong><\/h1>\n<p>Langsam erhob sich die K\u00f6nigin der Nacht hinter der kleinen Mauer auf der B\u00fchne. Die Sch\u00fcler fanden es sehr spannend und cool. Die K\u00f6nigin der Nacht sagte zu Tamino, dem Prinzen, und Papageno,\u00a0 dass er ihre Tochter Pamina vor dem Sonnenk\u00f6nig Sarastro retten sollte. Aber\u00a0 Sarastro ist in Wirklichkeit der Gute.<\/p>\n<p>Am 9.05.2016 haben\u00a0 die 5. und 6. Klassen einen Ausflug zu den Burgfestspielen in Bad Vilbel gemacht. Wir schauten uns die Oper \u201eDie Zauberfl\u00f6te\u201c an. Es war ein sch\u00f6n sonniger Tag. Nach der ersten Pause sind wir mit Frau Hillenbrand, Frau Schwarz und Frau Haberland losgegangen zur Bad Vilbeler Wasserburg im Kurpark. Das St\u00fcck hat ca. 4 Schulstunden gedauert.<\/p>\n<p>Drei Kinder aus der 5b haben bei dem Theaterst\u00fcck \u00a0\u201eTanz der Vampire\u201c \u00a0in der \u00a0Schule mitgemacht, dort haben sie Gutscheine f\u00fcr die Zauberfl\u00f6te bekommen. Das war vermutlich der Grund daf\u00fcr, dass wir in die Oper gegangen sind.<\/p>\n<p><em>leba &amp; mati<\/em><\/p>\n<hr \/>\n<h1><strong>Fragen an die Abschlusssch\u00fcler<\/strong><\/h1>\n<p>Im Zeitraum vom 9. bis 13. Mai fanden in Hessen die landesweiten Abschlussarbeiten der Haupt- und Realschule statt. Wir haben einige Sch\u00fcler nach ihrer dritten und letzten Pr\u00fcfung interviewt, als sie gerade den Neubau verlie\u00dfen.<\/p>\n<p><a href=\"http:\/\/wir-von-der-kennedy.de\/wirvonderkennedyfinal\/wp-content\/uploads\/2016\/04\/Abschluss-16-Bild-1.jpg\" rel=\"attachment wp-att-6571\"><img loading=\"lazy\" decoding=\"async\" class=\"alignnone wp-image-6571 size-large\" src=\"http:\/\/wir-von-der-kennedy.de\/wirvonderkennedyfinal\/wp-content\/uploads\/2016\/04\/Abschluss-16-Bild-1-1024x683.jpg\" alt=\"Abschluss 16 Bild 1\" width=\"960\" height=\"640\" srcset=\"https:\/\/wir-von-der-kennedy.de\/wirvonderkennedyfinal\/wp-content\/uploads\/2016\/04\/Abschluss-16-Bild-1-1024x683.jpg 1024w, https:\/\/wir-von-der-kennedy.de\/wirvonderkennedyfinal\/wp-content\/uploads\/2016\/04\/Abschluss-16-Bild-1-300x200.jpg 300w, https:\/\/wir-von-der-kennedy.de\/wirvonderkennedyfinal\/wp-content\/uploads\/2016\/04\/Abschluss-16-Bild-1-768x512.jpg 768w\" sizes=\"auto, (max-width: 960px) 100vw, 960px\" \/><\/a><\/p>\n<p>Die meisten Sch\u00fcler f\u00fchlten sich nach den Arbeiten gut, aber einige hatten ein nicht so tolles oder auch \u201eschei\u00df\u201c Gef\u00fchl. Viele fanden die Deutscharbeit \u00a0am leichtesten, manche hatten Probleme mit der Englischarbeit und die Mathearbeit war wohl am schwersten. Die meisten hatten die Deutsch-und Englischarbeit durchaus schwerer erwartet. Mit der Vorbereitung, auch im Unterricht, waren viele Sch\u00fcler zufrieden. Beim Zeitmanagement gab es unterschiedliche Meinungen. Die Aussagen reichten von \u201eMehr Zeit als genug!\u201c bis zu \u201eZiemlich knapp!\u201c Vor der ersten Arbeit am Montag zeigten sich viele Sch\u00fcler sehr aufgeregt, dies legte sich im Laufe der Woche. Auf die Frage, was sie am Freitag nach der letzten Arbeit machen w\u00fcrden, antworteten fast alle: \u201eEntspannen und feiern!\u201c<\/p>\n<p>Wir danken Lennart, Maike, Kabir, Ruben, Joel, Denise und andere f\u00fcr ihre Antworten.<\/p>\n<p><em>lesch, yawa<\/em><\/p>\n<hr \/>\n<h1><strong>Gr\u00fc\u00dfe an Herrn Mayb\u00f6hm!<\/strong><\/h1>\n<p>Wie alle Sch\u00fclerinnen und Sch\u00fcler sp\u00e4testens seit dem Elternbrief Nr. 3 vom 26. April 2016 wissen, ist unser Schulleiter Herr Mayb\u00f6hm l\u00e4ngerfristig erkrankt und wird einige Monate nicht in der Schule sein. Aus diesem Grunde haben die Redakteure der Sch\u00fclerzeitung auf dem Schulhof und in der Mensa\u00a0Unterschriften von vielen Sch\u00fclerinnen und Sch\u00fclern der Kennedy-Schule gesammelt, die auf diese Weise Herrn Mayb\u00f6hm gute Besserung w\u00fcnschen: &#8222;Werden Sie bald gesund!&#8220;<\/p>\n<p><a href=\"http:\/\/wir-von-der-kennedy.de\/wirvonderkennedyfinal\/wp-content\/uploads\/2016\/04\/Unterschriften-2.jpg\" rel=\"attachment wp-att-6568\"><img loading=\"lazy\" decoding=\"async\" class=\"alignnone wp-image-6568 size-large\" src=\"http:\/\/wir-von-der-kennedy.de\/wirvonderkennedyfinal\/wp-content\/uploads\/2016\/04\/Unterschriften-2-1024x721.jpg\" alt=\"Unterschriften-2\" width=\"960\" height=\"676\" srcset=\"https:\/\/wir-von-der-kennedy.de\/wirvonderkennedyfinal\/wp-content\/uploads\/2016\/04\/Unterschriften-2-1024x721.jpg 1024w, https:\/\/wir-von-der-kennedy.de\/wirvonderkennedyfinal\/wp-content\/uploads\/2016\/04\/Unterschriften-2-300x211.jpg 300w, https:\/\/wir-von-der-kennedy.de\/wirvonderkennedyfinal\/wp-content\/uploads\/2016\/04\/Unterschriften-2-768x540.jpg 768w\" sizes=\"auto, (max-width: 960px) 100vw, 960px\" \/><\/a><\/p>\n<p><a href=\"http:\/\/wir-von-der-kennedy.de\/wirvonderkennedyfinal\/wp-content\/uploads\/2016\/04\/Unterschriften-1.jpg\" rel=\"attachment wp-att-6567\"><img loading=\"lazy\" decoding=\"async\" class=\"alignnone wp-image-6567 size-large\" src=\"http:\/\/wir-von-der-kennedy.de\/wirvonderkennedyfinal\/wp-content\/uploads\/2016\/04\/Unterschriften-1-1024x716.jpg\" alt=\"Unterschriften-1\" width=\"960\" height=\"671\" srcset=\"https:\/\/wir-von-der-kennedy.de\/wirvonderkennedyfinal\/wp-content\/uploads\/2016\/04\/Unterschriften-1-1024x716.jpg 1024w, https:\/\/wir-von-der-kennedy.de\/wirvonderkennedyfinal\/wp-content\/uploads\/2016\/04\/Unterschriften-1-300x210.jpg 300w, https:\/\/wir-von-der-kennedy.de\/wirvonderkennedyfinal\/wp-content\/uploads\/2016\/04\/Unterschriften-1-768x537.jpg 768w\" sizes=\"auto, (max-width: 960px) 100vw, 960px\" \/><\/a><\/p>\n<p><em>yawa, lesch u.a.<\/em><\/p>\n<hr \/>\n<h1><strong>Klassenfahrt der 6<\/strong><strong>. Klassen: Lauterbach<\/strong><\/h1>\n<p>Die Klassen 6a (meine Klasse!), 6b und 6c sind vom 8. bis 12. Februar 2016 auf Klassenfahrt in die Jugendherberge Lauterbach gefahren. Nach dem ersten Mittagessen haben wir Sch\u00fclerinnen und Sch\u00fcler das vorgesehene \u201eZirkusprogramm\u201c kennengelernt: Zaubern, Seiltanz, Akrobatik, Clownerie, Jonglage! Die recht moderne Jugendherberge am Nordrand des Vogelsbergs bietet das Freizeitprogramm \u201eMal Zirkusluft schnuppern\u201c regelm\u00e4\u00dfig an.<\/p>\n<p>Au\u00dferdem haben wir unsere Zimmer bezogen und uns die DJH angesehen. Spiele durften auch gespielt werden. Um 22 Uhr war allerdings Bettruhe.<\/p>\n<p>Am Dienstag wurden wir in unsere Zirkus-Gruppen aufgeteilt und haben zusammen ge\u00fcbt. Das ging jeden Tag so von 9 bis 12 Uhr. Nach dem Mittagessen konnten manche \u2013 leider bei Regen \u2013 in die Stadt, Minigolf oder Tischtennis spielen, einen Film anschauen oder \u00c4hnliches. Nach dem Abendessen gab es eine tolle Faschingsparty. Wer Lust hatte, konnte auch Fu\u00dfball gucken (DFB-Pokal, Viertelfinale) oder Spiele spielen.<\/p>\n<p>Am Mittwochnachmittag konnten wir uns zwischen Wellenschwimmbad und Eisstadion entscheiden. Wegen des schlechten Wetters sind wir mit dem Bus dahin gefahren. Wie am Tag zuvor durften die Fu\u00dfballfans abends eine Live-\u00dcbertragung im TV schauen, einen Film sehen oder Spiele spielen. Einige lie\u00dfen sich sogar schminken.<\/p>\n<p>Am Donnerstag sind wir nach dem Mittagessen bei besserem Wetter in die Stadt gelaufen und haben in kleinen Gruppen eine Rallye gemacht. Wenn man fertig war, hatte man noch ein bisschen Freizeit. Am Abend konnte man wieder Spiele spielen, einen Film oder Fu\u00dfball gucken. Abends mussten die Koffer gepackt werden.<\/p>\n<p>Am Freitag fand die Generalprobe im Zirkuszelt statt. Um 14 Uhr kamen 120 Eltern und Geschwister zur gro\u00dfen Auff\u00fchrung. In den Pausen konnten sie Kaffee trinken, Kreppel essen und Jonglierartikel kaufen. Um 15:30 Uhr reisten die Familien ab, einige Kinder fuhren mit dem Bus nach Bad Vilbel zur\u00fcck.<\/p>\n<p><em>Nelly Lee Butsmann (6af)<\/em><\/p>\n<hr \/>\n<h1><strong>Strike und Spare: Kleiner Fotogru\u00df von der Bowlingbahn<\/strong><\/h1>\n<p>Am 1. M\u00e4rz 2016 besuchte die Klasse 7c R das Bowlingcenter in Frankfurt-Eschersheim und r\u00e4umte m\u00e4chtig Pins ab. Tim und Lucas lagen dabei ganz weit vorn!<\/p>\n<p><a href=\"http:\/\/wir-von-der-kennedy.de\/wirvonderkennedyfinal\/wp-content\/uploads\/2016\/04\/Bowling-am-1.-M\u00e4rz-2016.jpg\" rel=\"attachment wp-att-6374\"><img loading=\"lazy\" decoding=\"async\" class=\"alignnone wp-image-6374 size-large\" src=\"http:\/\/wir-von-der-kennedy.de\/wirvonderkennedyfinal\/wp-content\/uploads\/2016\/04\/Bowling-am-1.-M\u00e4rz-2016-1024x683.jpg\" alt=\"Bowling am 1. M\u00e4rz 2016\" width=\"960\" height=\"640\" srcset=\"https:\/\/wir-von-der-kennedy.de\/wirvonderkennedyfinal\/wp-content\/uploads\/2016\/04\/Bowling-am-1.-M\u00e4rz-2016.jpg 1024w, https:\/\/wir-von-der-kennedy.de\/wirvonderkennedyfinal\/wp-content\/uploads\/2016\/04\/Bowling-am-1.-M\u00e4rz-2016-300x200.jpg 300w, https:\/\/wir-von-der-kennedy.de\/wirvonderkennedyfinal\/wp-content\/uploads\/2016\/04\/Bowling-am-1.-M\u00e4rz-2016-768x512.jpg 768w\" sizes=\"auto, (max-width: 960px) 100vw, 960px\" \/><\/a><\/p>\n<p><em>whz<\/em><\/p>\n","protected":false},"excerpt":{"rendered":"<p>Viele Stufen und wenig Schokolade: ein Tag K\u00f6ln Am Montag, den 11. Juli 2016 sind die Klassen von Herr Menzel (9aR) und von Frau Kern (9bR) nach K\u00f6ln gefahren. Wir haben uns um 7:30 am Schulhof getroffenen, und sind knapp 2 \u00bd Stunden mit dem Bus zum Schokoladenmuseum nach K\u00f6ln gefahren. Dort haben wir an&#8230; <\/p>\n<div class=\"clear\"><\/div>\n<p><a href=\"https:\/\/wir-von-der-kennedy.de\/wirvonderkennedyfinal\/schuljahr-20152016-2-halbjahr\/\" class=\"gdlr-info-font excerpt-read-more\">Read More<\/a><\/p>\n","protected":false},"author":2,"featured_media":0,"parent":0,"menu_order":0,"comment_status":"closed","ping_status":"closed","template":"","meta":{"_crdt_document":"","footnotes":""},"class_list":["post-6366","page","type-page","status-publish","hentry"],"_links":{"self":[{"href":"https:\/\/wir-von-der-kennedy.de\/wirvonderkennedyfinal\/wp-json\/wp\/v2\/pages\/6366","targetHints":{"allow":["GET"]}}],"collection":[{"href":"https:\/\/wir-von-der-kennedy.de\/wirvonderkennedyfinal\/wp-json\/wp\/v2\/pages"}],"about":[{"href":"https:\/\/wir-von-der-kennedy.de\/wirvonderkennedyfinal\/wp-json\/wp\/v2\/types\/page"}],"author":[{"embeddable":true,"href":"https:\/\/wir-von-der-kennedy.de\/wirvonderkennedyfinal\/wp-json\/wp\/v2\/users\/2"}],"replies":[{"embeddable":true,"href":"https:\/\/wir-von-der-kennedy.de\/wirvonderkennedyfinal\/wp-json\/wp\/v2\/comments?post=6366"}],"version-history":[{"count":10,"href":"https:\/\/wir-von-der-kennedy.de\/wirvonderkennedyfinal\/wp-json\/wp\/v2\/pages\/6366\/revisions"}],"predecessor-version":[{"id":15002,"href":"https:\/\/wir-von-der-kennedy.de\/wirvonderkennedyfinal\/wp-json\/wp\/v2\/pages\/6366\/revisions\/15002"}],"wp:attachment":[{"href":"https:\/\/wir-von-der-kennedy.de\/wirvonderkennedyfinal\/wp-json\/wp\/v2\/media?parent=6366"}],"curies":[{"name":"wp","href":"https:\/\/api.w.org\/{rel}","templated":true}]}}